{"id":106,"date":"2019-12-11T15:15:54","date_gmt":"2019-12-11T14:15:54","guid":{"rendered":"https:\/\/festiwale.zakopane.pl\/festiwal-koled\/?page_id=106"},"modified":"2019-12-13T09:16:59","modified_gmt":"2019-12-13T08:16:59","slug":"historia","status":"publish","type":"page","link":"http:\/\/archiwum.festiwale.zakopane.pl\/festiwal-organowy\/o-festiwalu\/historia\/","title":{"rendered":"Historia"},"content":{"rendered":"<p><strong>Historia Festiwalu<\/strong>\u00a0rozpocz\u0119\u0142a si\u0119 w 2000 roku, kiedy to dzi\u0119ki staraniom ks. Pra\u0142ata Stanis\u0142awa Olsz\u00f3wki przeprowadzony zosta\u0142 generalny remont organ\u00f3w w Ko\u015bciele Naj\u015bwi\u0119tszej Rodziny na Krup\u00f3wkach.<\/p>\n<p>Witold Zalewski &#8211; I organista Kr\u00f3lewskiej Katedry na Wawelu wyszed\u0142 z propozycj\u0105 zorganizowania festiwalu organowego i w 2001 roku odby\u0142a si\u0119 pierwsza edycja tego wydarzenia, zwi\u0105zana g\u0142ownie z Ko\u015bcio\u0142em \u015aw. Rodziny i przy wsparciu Ksi\u0119dza Pra\u0142ata. Festiwal wpisa\u0142 si\u0119 r\u00f3wnie\u017c w obchody upami\u0119tniaj\u0105ce stulecie Krzy\u017ca na Giewoncie (1901 r.). Festiwal z biegiem lat rozwija\u0142 si\u0119, w koncerty w\u0142\u0105czy\u0142o si\u0119 Sanktuarium Matki Bo\u017cej Fatimskiej na Krzept\u00f3wkach, Ko\u015bci\u00f3\u0142 \u015aw. Krzy\u017ca, a tak\u017ce \u201eKsi\u0119\u017c\u00f3wka\u201d- Dom rekolekcyjny Konferencji Episkopatu Polski.<\/p>\n<p>Pocz\u0105tkowo festiwal by\u0142 typowo organowy, przy instrumencie zasiadali najwybitniejsi muzycy zar\u00f3wno z kraju, jak i z zagranicy. Na przestrzeni lat impreza ewoluowa\u0142a, zyskuj\u0105c coraz to szersze grono meloman\u00f3w muzyki powa\u017cnej, repertuar festiwalu zosta\u0142 poszerzony o koncerty kameralne. Festiwal uatrakcyjniony jest technik\u0105 wizualn\u0105, poprzez bezpo\u015bredni\u0105 transmisj\u0119 prezentowan\u0105 na ekranie projektowym, dzi\u0119ki kt\u00f3rej publiczno\u015b\u0107 mo\u017ce widzie\u0107 artyst\u00f3w graj\u0105cych na organach. Program festiwalu jest tak dobierany, aby zadowoli\u0107 nawet najbardziej wymagaj\u0105cych meloman\u00f3w, kt\u00f3rzy maj\u0105 okazj\u0119 obcowa\u0107 z wielkimi dzie\u0142ami muzyki organowej, granymi przez znakomitych artyst\u00f3w przyje\u017cd\u017caj\u0105cych z ca\u0142ego \u015bwiata.<\/p>\n<p>Mi\u0119dzynarodowy Festiwal Muzyki Organowej i Kameralnej w Zakopanem jest jednym z najwi\u0119kszych festiwali organowych w Polsce, kt\u00f3ry wpisa\u0142 si\u0119 ju\u017c na dobre w kulturalny kalendarz wydarze\u0144 miasta i stanowi ciekaw\u0105, wakacyjn\u0105 propozycj\u0119 zar\u00f3wno dla turyst\u00f3w, jak i mieszka\u0144c\u00f3w.<\/p>\n","protected":false},"excerpt":{"rendered":"<p>Historia Festiwalu\u00a0rozpocz\u0119\u0142a si\u0119 w 2000 roku, kiedy to dzi\u0119ki staraniom ks. Pra\u0142ata Stanis\u0142awa Olsz\u00f3wki przeprowadzony [&hellip;]<\/p>\n","protected":false},"author":1,"featured_media":0,"parent":104,"menu_order":0,"comment_status":"closed","ping_status":"closed","template":"","meta":[],"acf":[],"_links":{"self":[{"href":"http:\/\/archiwum.festiwale.zakopane.pl\/festiwal-organowy\/wp-json\/wp\/v2\/pages\/106"}],"collection":[{"href":"http:\/\/archiwum.festiwale.zakopane.pl\/festiwal-organowy\/wp-json\/wp\/v2\/pages"}],"about":[{"href":"http:\/\/archiwum.festiwale.zakopane.pl\/festiwal-organowy\/wp-json\/wp\/v2\/types\/page"}],"author":[{"embeddable":true,"href":"http:\/\/archiwum.festiwale.zakopane.pl\/festiwal-organowy\/wp-json\/wp\/v2\/users\/1"}],"replies":[{"embeddable":true,"href":"http:\/\/archiwum.festiwale.zakopane.pl\/festiwal-organowy\/wp-json\/wp\/v2\/comments?post=106"}],"version-history":[{"count":1,"href":"http:\/\/archiwum.festiwale.zakopane.pl\/festiwal-organowy\/wp-json\/wp\/v2\/pages\/106\/revisions"}],"predecessor-version":[{"id":185,"href":"http:\/\/archiwum.festiwale.zakopane.pl\/festiwal-organowy\/wp-json\/wp\/v2\/pages\/106\/revisions\/185"}],"up":[{"embeddable":true,"href":"http:\/\/archiwum.festiwale.zakopane.pl\/festiwal-organowy\/wp-json\/wp\/v2\/pages\/104"}],"wp:attachment":[{"href":"http:\/\/archiwum.festiwale.zakopane.pl\/festiwal-organowy\/wp-json\/wp\/v2\/media?parent=106"}],"curies":[{"name":"wp","href":"https:\/\/api.w.org\/{rel}","templated":true}]}}