{"id":186,"date":"2019-12-13T09:23:23","date_gmt":"2019-12-13T08:23:23","guid":{"rendered":"https:\/\/festiwale.zakopane.pl\/festiwal-muzyki\/?post_type=miejsca&#038;p=186"},"modified":"2019-12-13T09:23:38","modified_gmt":"2019-12-13T08:23:38","slug":"centrum-kultury-rodzimej-willa-czerwony-dwor","status":"publish","type":"miejsca","link":"http:\/\/archiwum.festiwale.zakopane.pl\/festiwal-organowy\/miejsca\/centrum-kultury-rodzimej-willa-czerwony-dwor\/","title":{"rendered":"Centrum Kultury Rodzimej Willa Czerwony Dw\u00f3r"},"content":{"rendered":"<p>\u201eCzerwony Dw\u00f3r\u201d, znajduj\u0105cy si\u0119 w samym sercu Zakopanego, przy ul. Kasprusie,\u00a0wiod\u0105cej w stron\u0119 Doliny Str\u0105\u017cyskiej, to jedna z najpi\u0119kniejszych, a tak\u017ce najwa\u017cniejszych willi Zakopanego. Wybudowana zosta\u0142a w latach 1901-1902\u00a0przez Wojciecha Roja, bliskiego wsp\u00f3\u0142pracownika Stanis\u0142awa Witkiewicza,\u00a0w stylu zakopia\u0144skim dla Oktawii Lewandowskiej, siostry Zygmunta Gnatowskiego, w\u0142a\u015bciciela projektowanej przez Stanis\u0142awa Witkiewicza \u201eKoliby\u201d. Dom nosi\u0142 pocz\u0105tkowo nazw\u0119 \u201eW\u0142adys\u0142awka\u201d od imienia m\u0119\u017ca O. Lewandowskiej.<\/p>\n<p><img loading=\"lazy\" src=\"http:\/\/archiwum.festiwale.zakopane.pl\/media\/download\/5d5bda84-f343-426c-86df-a47045fc3514\" width=\"413\" height=\"621\" \/><\/p>\n<p>W 1904 r.\u00a0zamieszka\u0142 tu Artur Rubinstein. Lata pierwszej wojny \u015bwiatowej sp\u0119dzi\u0142 tu Stefan \u017beromski, tutaj te\u017c mie\u015bci\u0142 si\u0119 \u201ezakopia\u0144ski Belweder\u201d w listopadzie 1918 roku, kiedy to znany pisarz\u00a0sta\u0142 na czele zakopia\u0144skiej Rady Narodowej i nazywano go \u201ePrezydentem Rzeczypospolitej Zakopia\u0144skiej\u201d. W\u0142a\u015bnie tutaj, w oficynie, mieszka\u0142 kompozytor Karol Szymanowski, bywa\u0142 cz\u0119sto Stanis\u0142aw Ignacy Witkiewicz \u2013 obaj zaprzyja\u017anieni z Arturem Rubinsteinem. Bywali\u00a0u Szymanowskiego m.in.: Zofia Na\u0142kowska, Piotr i\u00a0Rafa\u0142 Malczewscy,\u00a0Zbigniew Uni\u0142owski, Henryk Sztompka i wielu innych ludzi ze \u015bwiata kultury.<\/p>\n<p>Mniej wi\u0119cej w po\u0142owie lat 20. XX w. will\u0119 kupi\u0142a pani de Pourbeix-Zakrzewska, kt\u00f3ra pokry\u0142a dach czerwon\u0105 blach\u0105 i zmieni\u0142a jej nazw\u0119 na \u201eCzerwony Dw\u00f3r\u201d. Nazwa przetrwa\u0142a do dzi\u015b.<\/p>\n<p>Po II Wojnie \u015awiatowej budynek zosta\u0142 przej\u0119ty i przekazany na cele o\u015bwiatowe. W latach 1946-1947 by\u0142o tu schronisko m\u0142odzie\u017cowe, a nast\u0119pnie prewentorium Robotniczego Towarzystwa Przyjaci\u00f3\u0142 Dzieci z Krakowa i Pa\u0144stwowy Dom Dziecka dla ch\u0142opc\u00f3w. Od 1951 r. do 2016 r.\u00a0w willi znajdowa\u0142o si\u0119\u00a0przedszkole, kt\u00f3re od 1954 r. nosi\u0142o imi\u0119 Karola Szymanowskiego.<\/p>\n<p>Decyzj\u0105 Burmistrza Miasta Zakopane\u00a0Leszka Doruli w roku 2016 budynek zosta\u0142 przeznaczony na centrum kultury promuj\u0105ce sztuk\u0119 rodzim\u0105. W Galerii Czerwony Dw\u00f3r odbywaj\u0105 si\u0119 wystawy tw\u00f3rczo\u015bci podhala\u0144skich tw\u00f3rc\u00f3w, warsztaty tw\u00f3rczo\u015bci ludowej, wyk\u0142ady i prelekcje. Tu w\u0142a\u015bnie mo\u017cna zapozna\u0107 si\u0119 z tradycyjnym malarstwem na szkle zakopia\u0144skich tw\u00f3rc\u00f3w.<\/p>\n<p><i>Ul.\u00a0Kasprusie 27<\/i><\/p>\n<div>\n<p><i>Wi\u0119cej informacji na\u00a0<a href=\"https:\/\/www.zakopane.pl\/strefa-turystyczna\/kultura\/zakopianskie-centrum-kultury\/czerwony-dwor\" target=\"_blank\" rel=\"noopener noreferrer\">www.zakopane.pl\/strefa-turystyczna\/kultura<\/a><\/i><\/p>\n<\/div>\n","protected":false},"featured_media":187,"template":"","acf":[],"_links":{"self":[{"href":"http:\/\/archiwum.festiwale.zakopane.pl\/festiwal-organowy\/wp-json\/wp\/v2\/miejsca\/186"}],"collection":[{"href":"http:\/\/archiwum.festiwale.zakopane.pl\/festiwal-organowy\/wp-json\/wp\/v2\/miejsca"}],"about":[{"href":"http:\/\/archiwum.festiwale.zakopane.pl\/festiwal-organowy\/wp-json\/wp\/v2\/types\/miejsca"}],"wp:featuredmedia":[{"embeddable":true,"href":"http:\/\/archiwum.festiwale.zakopane.pl\/festiwal-organowy\/wp-json\/wp\/v2\/media\/187"}],"wp:attachment":[{"href":"http:\/\/archiwum.festiwale.zakopane.pl\/festiwal-organowy\/wp-json\/wp\/v2\/media?parent=186"}],"curies":[{"name":"wp","href":"https:\/\/api.w.org\/{rel}","templated":true}]}}