{"id":58,"date":"2019-12-11T08:38:35","date_gmt":"2019-12-11T07:38:35","guid":{"rendered":"https:\/\/festiwale.zakopane.pl\/festiwal-koled\/?post_type=galeria&#038;p=58"},"modified":"2021-07-14T10:51:38","modified_gmt":"2021-07-14T08:51:38","slug":"galeria-4","status":"publish","type":"galeria","link":"http:\/\/archiwum.festiwale.zakopane.pl\/festiwal-organowy\/galeria\/galeria-4\/","title":{"rendered":"Flores Rosarum"},"content":{"rendered":"<p>&nbsp;<\/p>\n<p>W roku 2021, po rocznej przerwie zwi\u0105zanej z pandemi\u0105 koronawirusa, obchodzimy jubileusz Festiwalu \u2013 XX-lecie muzyki organowej i kameralnej pod Giewontem. W ramach wydarzenia odb\u0119dzie si\u0119 tylko jeden szczeg\u00f3lny koncert w ko\u015bciele \u015bw. Rodziny w Zakopanem. 31 lipca wyst\u0105pi organista Micha\u0142 Markuszewski wsp\u00f3lnie z \u017ce\u0144skim zespo\u0142em wokalnym Flores Rosarum. Micha\u0142 Markuszewski, organista pochodz\u0105cy z Warszawy\u00a0 ma na swoim koncie prawykonania wsp\u00f3\u0142czesnej polskiej muzyki organowej, a tak\u017ce organowo-kameralnej, zdobywa\u0142 nagrody i wyr\u00f3\u017cnienia na konkursach w Polsce i zagranic\u0105, jest wybitnym improwizatorem, ma na swoim koncie r\u00f3wnie\u017c wiele nagra\u0144 p\u0142ytowych. Krakowski zesp\u00f3\u0142 Flores Rosarum specjalizuje si\u0119 w muzyce \u015bredniowiecza, chorale gregoria\u0144skim, \u015bpiewach Hildegardy z Bingen. Cz\u0142onkinie zespo\u0142u prowadz\u0105 o\u017cywion\u0105 dzia\u0142alno\u015b\u0107 artystyczn\u0105 oraz naukowo-badawcz\u0105, co pozwala rozpoczyna\u0107 prac\u0119 nad nowym repertuarem od zg\u0142\u0119biania r\u0119kopisu zawieraj\u0105cego przeznaczone do wykonania \u015bpiewy. Flores Rosarum ch\u0119tnie si\u0119ga r\u00f3wnie\u017c po repertuar znajduj\u0105cy si\u0119 w polskich r\u0119kopisach liturgiczno-muzycznych, a szczeg\u00f3lnie muzyk\u0119 z archiw\u00f3w polskich klasztor\u00f3w \u017ce\u0144skich: benedyktynek, czy klarysek ch\u0119tnie r\u00f3wnie\u017c wsp\u00f3\u0142pracuje z organistami takimi jak Jan Henryk Botor, Krzysztof Micha\u0142ek, Krzysztof Pawlisz, Filip Presseisen, czy w\u0142a\u015bnie Micha\u0142 Markuszewski.<\/p>\n<p><img loading=\"lazy\" class=\"alignnone size-medium wp-image-247\" src=\"http:\/\/archiwum.festiwale.zakopane.pl\/festiwal-organowy\/wp-content\/uploads\/sites\/5\/2021\/07\/flores-300x200.png\" alt=\"\" width=\"300\" height=\"200\" srcset=\"http:\/\/archiwum.festiwale.zakopane.pl\/festiwal-organowy\/wp-content\/uploads\/sites\/5\/2021\/07\/flores-300x200.png 300w, http:\/\/archiwum.festiwale.zakopane.pl\/festiwal-organowy\/wp-content\/uploads\/sites\/5\/2021\/07\/flores-1024x683.png 1024w, http:\/\/archiwum.festiwale.zakopane.pl\/festiwal-organowy\/wp-content\/uploads\/sites\/5\/2021\/07\/flores-768x512.png 768w, http:\/\/archiwum.festiwale.zakopane.pl\/festiwal-organowy\/wp-content\/uploads\/sites\/5\/2021\/07\/flores.png 1092w\" sizes=\"(max-width: 300px) 100vw, 300px\" \/><img loading=\"lazy\" class=\"alignnone size-medium wp-image-249\" src=\"http:\/\/archiwum.festiwale.zakopane.pl\/festiwal-organowy\/wp-content\/uploads\/sites\/5\/2019\/12\/Flores-Jurgow-2017-300x200.jpg\" alt=\"\" width=\"300\" height=\"200\" srcset=\"http:\/\/archiwum.festiwale.zakopane.pl\/festiwal-organowy\/wp-content\/uploads\/sites\/5\/2019\/12\/Flores-Jurgow-2017-300x200.jpg 300w, http:\/\/archiwum.festiwale.zakopane.pl\/festiwal-organowy\/wp-content\/uploads\/sites\/5\/2019\/12\/Flores-Jurgow-2017-1024x683.jpg 1024w, http:\/\/archiwum.festiwale.zakopane.pl\/festiwal-organowy\/wp-content\/uploads\/sites\/5\/2019\/12\/Flores-Jurgow-2017-768x512.jpg 768w, http:\/\/archiwum.festiwale.zakopane.pl\/festiwal-organowy\/wp-content\/uploads\/sites\/5\/2019\/12\/Flores-Jurgow-2017-1536x1024.jpg 1536w, http:\/\/archiwum.festiwale.zakopane.pl\/festiwal-organowy\/wp-content\/uploads\/sites\/5\/2019\/12\/Flores-Jurgow-2017-2048x1366.jpg 2048w\" sizes=\"(max-width: 300px) 100vw, 300px\" \/><img loading=\"lazy\" class=\"alignnone size-medium wp-image-252\" src=\"http:\/\/archiwum.festiwale.zakopane.pl\/festiwal-organowy\/wp-content\/uploads\/sites\/5\/2019\/12\/flores-3-300x200.png\" alt=\"\" width=\"300\" height=\"200\" srcset=\"http:\/\/archiwum.festiwale.zakopane.pl\/festiwal-organowy\/wp-content\/uploads\/sites\/5\/2019\/12\/flores-3-300x200.png 300w, http:\/\/archiwum.festiwale.zakopane.pl\/festiwal-organowy\/wp-content\/uploads\/sites\/5\/2019\/12\/flores-3-1024x683.png 1024w, http:\/\/archiwum.festiwale.zakopane.pl\/festiwal-organowy\/wp-content\/uploads\/sites\/5\/2019\/12\/flores-3-768x512.png 768w, http:\/\/archiwum.festiwale.zakopane.pl\/festiwal-organowy\/wp-content\/uploads\/sites\/5\/2019\/12\/flores-3.png 1092w\" sizes=\"(max-width: 300px) 100vw, 300px\" \/><img loading=\"lazy\" class=\"alignnone size-medium wp-image-250\" src=\"http:\/\/archiwum.festiwale.zakopane.pl\/festiwal-organowy\/wp-content\/uploads\/sites\/5\/2019\/12\/Flores-Rosarum-sesja-u-sw.-Katarzyny-300x251.jpg\" alt=\"\" width=\"300\" height=\"251\" srcset=\"http:\/\/archiwum.festiwale.zakopane.pl\/festiwal-organowy\/wp-content\/uploads\/sites\/5\/2019\/12\/Flores-Rosarum-sesja-u-sw.-Katarzyny-300x251.jpg 300w, http:\/\/archiwum.festiwale.zakopane.pl\/festiwal-organowy\/wp-content\/uploads\/sites\/5\/2019\/12\/Flores-Rosarum-sesja-u-sw.-Katarzyny-768x642.jpg 768w, http:\/\/archiwum.festiwale.zakopane.pl\/festiwal-organowy\/wp-content\/uploads\/sites\/5\/2019\/12\/Flores-Rosarum-sesja-u-sw.-Katarzyny.jpg 868w\" sizes=\"(max-width: 300px) 100vw, 300px\" \/><\/p>\n<p><img loading=\"lazy\" class=\"alignnone size-medium wp-image-251\" src=\"http:\/\/archiwum.festiwale.zakopane.pl\/festiwal-organowy\/wp-content\/uploads\/sites\/5\/2019\/12\/Flores-Rosarum-1--300x200.jpg\" alt=\"\" width=\"300\" height=\"200\" srcset=\"http:\/\/archiwum.festiwale.zakopane.pl\/festiwal-organowy\/wp-content\/uploads\/sites\/5\/2019\/12\/Flores-Rosarum-1--300x200.jpg 300w, http:\/\/archiwum.festiwale.zakopane.pl\/festiwal-organowy\/wp-content\/uploads\/sites\/5\/2019\/12\/Flores-Rosarum-1--768x512.jpg 768w, http:\/\/archiwum.festiwale.zakopane.pl\/festiwal-organowy\/wp-content\/uploads\/sites\/5\/2019\/12\/Flores-Rosarum-1-.jpg 960w\" sizes=\"(max-width: 300px) 100vw, 300px\" \/><\/p>\n","protected":false},"featured_media":231,"template":"","acf":[],"_links":{"self":[{"href":"http:\/\/archiwum.festiwale.zakopane.pl\/festiwal-organowy\/wp-json\/wp\/v2\/galeria\/58"}],"collection":[{"href":"http:\/\/archiwum.festiwale.zakopane.pl\/festiwal-organowy\/wp-json\/wp\/v2\/galeria"}],"about":[{"href":"http:\/\/archiwum.festiwale.zakopane.pl\/festiwal-organowy\/wp-json\/wp\/v2\/types\/galeria"}],"wp:featuredmedia":[{"embeddable":true,"href":"http:\/\/archiwum.festiwale.zakopane.pl\/festiwal-organowy\/wp-json\/wp\/v2\/media\/231"}],"wp:attachment":[{"href":"http:\/\/archiwum.festiwale.zakopane.pl\/festiwal-organowy\/wp-json\/wp\/v2\/media?parent=58"}],"curies":[{"name":"wp","href":"https:\/\/api.w.org\/{rel}","templated":true}]}}