{"id":38,"date":"2019-12-10T23:20:32","date_gmt":"2019-12-10T22:20:32","guid":{"rendered":"https:\/\/festiwale.zakopane.pl\/festiwal-koled\/?post_type=artysci&#038;p=38"},"modified":"2021-07-08T10:36:59","modified_gmt":"2021-07-08T08:36:59","slug":"artysta-pierwszy","status":"publish","type":"artysci","link":"http:\/\/archiwum.festiwale.zakopane.pl\/festiwal-organowy\/artysci\/artysta-pierwszy\/","title":{"rendered":"Micha\u0142 Markuszewski"},"content":{"rendered":"<p><strong>Micha\u0142 Markuszewski<\/strong> &#8211; organy<\/p>\n<p>Micha\u0142 Markuszewski urodzi\u0142 si\u0119 w Warszawie. W 2004 roku uko\u0144czy\u0142 z wyr\u00f3\u017cnieniem studia w warszawskiej Akademii Muzycznej im. Fryderyka Chopina, w klasie organ\u00f3w prof. Joachima Grubicha, a tak\u017ce (w 2005 roku) w klasie fortepianu prof. Kazimierza Gier\u017coda. W 2007 roku uko\u0144czy\u0142 studia (specjalizacja &#8211; improwizacja organowa) na Universit\u00e4t der K\u00fcnste w Berlinie w klasie prof. Wolfganga Seifena. W 2008 roku uko\u0144czy\u0142 studia podyplomowe w klasie mistrzowskiej prof. Christopha Bosserta w Hochschule f\u00fcr Musik w W\u00fcrzburgu.<br \/>\nDo jego najwi\u0119kszych osi\u0105gni\u0119\u0107 nale\u017c\u0105: II nagroda w konkursie Polskiej Muzyki Organowej XX wieku w Legnicy (1998), I nagroda na Mi\u0119dzynarodowym Konkursie Muzyki Organowej w Rumii (2000) i wyr\u00f3\u017cnienie za najlepsze wykonanie utwor\u00f3w Jana Sebastiana Bacha oraz nagroda prezydenta miasta Gda\u0144sk, III miejsce na Mi\u0119dzynarodowym Konkursie Organowym w Zurychu-Wiedikon (2007). W 2007 roku by\u0142 stypendyst\u0105 Ministra \u00a0Kultury i Dziedzictwa Narodowego.<\/p>\n<p>Wyst\u0119powa\u0142 z recitalami na kilkudziesi\u0119ciu mi\u0119dzynarodowych festiwalach w Polsce, na Litwie, S\u0142owacji, Ukrainie, w Czechach, Holandii, Norwegii, Szwajcarii, Wielkiej Brytanii oraz ponad 170 miastach w Niemczech.<br \/>\nSwoje umiej\u0119tno\u015bci doskonali\u0142 na wielu kursach pod kierunkiem takich mistrz\u00f3w jak: Guy Bovet, Aleksander Fiseyski, Julian Gembalski, Lorenzo Ghielmi, Jean Guillou, Bernhard Haas, Naji Hakim, Rudolf Innig, Edgar Krapp, Olivier Latry, Heribert Metzger, Peter Planyawski, Martin Sander, Christopher Stembridge.<\/p>\n<p>Wsp\u00f3\u0142pracowa\u0142 z wieloma wybitnymi solistami, Polskim Ch\u00f3rem Kameralnym Schola Cantorum Gedanensis, ch\u00f3rem Camerata Varsovia, orkiestr\u0105 Camerata Jan\u00e1\u010dek, orkiestr\u0105 Collegium instrumentale Bochum, orkiestr\u0105 Jeunesses Musicales. Dokona\u0142 r\u00f3wnie\u017c wielu nagra\u0144 p\u0142ytowych (Organum Classics, Label Harp, DUX). Jego p\u0142yta nagrana na zabytkowych organach Ko\u015bcio\u0142a Reformowanego w Warszawie (DUX 0707) nominowana by\u0142a w dw\u00f3ch kategoriach do nagrody FRYDERYK. Nagrywa\u0142 r\u00f3wnie\u017c dla radia oraz telewizji.<br \/>\nArtysta ma na swoim koncie prawykonania wsp\u00f3\u0142czesnej polskiej muzyki organowej, a tak\u017ce organowo-kameralnej. Od 2012 wyk\u0142ada improwizacj\u0119 organow\u0105 na Uniwersytecie Muzycznym Fryderyka Chopina w Warszawie.<\/p>\n<p>&nbsp;<\/p>\n<p>&nbsp;<\/p>\n","protected":false},"featured_media":230,"template":"","acf":[],"_links":{"self":[{"href":"http:\/\/archiwum.festiwale.zakopane.pl\/festiwal-organowy\/wp-json\/wp\/v2\/artysci\/38"}],"collection":[{"href":"http:\/\/archiwum.festiwale.zakopane.pl\/festiwal-organowy\/wp-json\/wp\/v2\/artysci"}],"about":[{"href":"http:\/\/archiwum.festiwale.zakopane.pl\/festiwal-organowy\/wp-json\/wp\/v2\/types\/artysci"}],"wp:featuredmedia":[{"embeddable":true,"href":"http:\/\/archiwum.festiwale.zakopane.pl\/festiwal-organowy\/wp-json\/wp\/v2\/media\/230"}],"wp:attachment":[{"href":"http:\/\/archiwum.festiwale.zakopane.pl\/festiwal-organowy\/wp-json\/wp\/v2\/media?parent=38"}],"curies":[{"name":"wp","href":"https:\/\/api.w.org\/{rel}","templated":true}]}}