{"id":1051,"date":"2021-04-13T10:21:01","date_gmt":"2021-04-13T08:21:01","guid":{"rendered":"https:\/\/festiwale.zakopane.pl\/festiwal-koled\/?page_id=1051"},"modified":"2021-04-14T07:21:08","modified_gmt":"2021-04-14T05:21:08","slug":"xi-festiwal","status":"publish","type":"page","link":"http:\/\/archiwum.festiwale.zakopane.pl\/festiwal-koled\/xi-festiwal\/","title":{"rendered":"XI. Festiwal"},"content":{"rendered":"<p><strong>XI FESTIWAL KOL\u0118D, PASTORA\u0141EK I PIE\u015aNI BO\u017bONARODZENIOWYCH <\/strong><strong>\u201eDobrze ze\u015b si\u0119 Jezu pod Giewontem zrodziy\u0142\u2026\u201d<\/strong><\/p>\n<p><strong>24 grudnia \u2013 wtorek<\/strong><\/p>\n<p>Koncert Kol\u0119d i Pastora\u0142ek Parafialnego Regionalnego Zespo\u0142u <strong>\u201eGiewont\u201d<\/strong><\/p>\n<p>Sanktuarium Matki Bo\u017cej Objawiaj\u0105cej Cudowny Medalik, ul. Piszczory 13<\/p>\n<p>&nbsp;<\/p>\n<p><strong>26 grudnia \u2013 czwartek<\/strong><\/p>\n<p>Msza \u015awi\u0119ta, a po niej Jase\u0142ka w wykonaniu zespo\u0142u <strong>\u201eMa\u0142y Giewont\u201d<\/strong><\/p>\n<p>Sanktuarium Matki Bo\u017cej Objawiaj\u0105cej Cudowny Medalik, ul. Piszczory 13<\/p>\n<p>&nbsp;<\/p>\n<p><strong>4 stycznia \u2013 sobota<\/strong><\/p>\n<p>Msza \u015awi\u0119ta a po niej koncert \u201e<strong>PIERWSZA GWIAZDA<\/strong>&#8222;, <strong>Ewa Warta-\u015amietana<\/strong> i jej go\u015bcie<\/p>\n<p>Ko\u015bci\u00f3\u0142 Mi\u0142osierdzia Bo\u017cego, ul. Chramc\u00f3wki 19<\/p>\n<p>&nbsp;<\/p>\n<p><strong>5 stycznia \u2013 niedziela<\/strong><\/p>\n<p>Msza \u015awi\u0119ta, a po niej koncert <strong>Rodziny Lassak\u00f3w \u201eHelios\u00f3w\u201d<\/strong> z Zakopanego<\/p>\n<p>Ko\u015bci\u00f3\u0142 Naj\u015bwi\u0119tszej Marii Panny Kr\u00f3lowej \u015awiata, ul. Bulwary S\u0142owackiego 2<\/p>\n<p>&nbsp;<\/p>\n<p><strong>6 stycznia \u2013 poniedzia\u0142ek <\/strong><strong>Pok\u0142on Trzech Kr\u00f3li<\/strong><\/p>\n<p>Msza \u015awi\u0119ta<\/p>\n<p>Sanktuarium Naj\u015bwi\u0119tszej Rodziny, ul. Krup\u00f3wki 1<\/p>\n<p>Przemarsz z udzia\u0142em zespo\u0142\u00f3w regionalnych, a tak\u017ce M\u0119drc\u00f3w ze Wschodu, w kt\u00f3rych role wciel\u0105 si\u0119 aktorzy Teatru im. Stanis\u0142awa Ignacego Witkiewicza i wsp\u00f3lne kol\u0119dowanie przy g\u00f3ralskiej szopce przy Starym Ko\u015bci\u00f3\u0142ku.<\/p>\n<p>&nbsp;<\/p>\n<p><strong>11 stycznia \u2013 sobota<\/strong><\/p>\n<p>Msza \u015awi\u0119ta,\u00a0 a po niej koncert <strong>\u201eSkibowia\u0144skich Zwyrtlik\u00f3w\u201d<\/strong><\/p>\n<p>Ko\u015bci\u00f3\u0142 Ojc\u00f3w Jezuit\u00f3w pw. Matki Bo\u017cej Nieustaj\u0105cej Pomocy, Na G\u00f3rce, ul. Ks. Kaszelewskiego 9<\/p>\n<p>&nbsp;<\/p>\n<p><strong>12 stycznia \u2013 niedziela<\/strong><\/p>\n<p>Msza \u015awi\u0119ta, a po niej koncert <strong>Hanki Rybki<\/strong><\/p>\n<p>Ko\u015bci\u00f3\u0142 Mi\u0142osierdzia Bo\u017cego, ul. Cyrhla 37<\/p>\n<p>&nbsp;<\/p>\n<p><strong>17 stycznia \u2013 pi\u0105tek<\/strong><\/p>\n<p>Msza \u015awi\u0119ta, a po niej koncert<strong> Eleni<\/strong><\/p>\n<p>Ko\u015bci\u00f3\u0142 \u015awi\u0119tego Jana Aposto\u0142a i Ewangelisty, ul. Harenda 12<\/p>\n<p>&nbsp;<\/p>\n<p><strong>\u00a0<\/strong><\/p>\n<p><strong>18 stycznia \u2013 sobota<\/strong><\/p>\n<p>Msza \u015awi\u0119ta, a po niej koncert <strong>\u201eMegitzy\u201d<\/strong><\/p>\n<p>Kaplica Naj\u015bwi\u0119tszej Marii Panny Matki Zbawiciela, ul. Anta\u0142\u00f3wka 40<\/p>\n<p>&nbsp;<\/p>\n<p><strong>19 stycznia \u2013 niedziela<\/strong><\/p>\n<p>Msza \u015awi\u0119ta, a po niej koncert <strong>Magdy Steczkowskiej.<\/strong><\/p>\n<p>Sanktuarium Matki Bo\u017cej Objawiaj\u0105cej Cudowny Medalik, ul. Piszczory 13<\/p>\n<p>&nbsp;<\/p>\n<p><strong>23 stycznia \u2013 czwartek<\/strong><\/p>\n<p>Msza \u015awi\u0119ta, a po niej koncert \u201e<strong>Blue Note\u201d<\/strong><\/p>\n<p>Ko\u015bci\u00f3\u0142 \u015awi\u0119tego Krzy\u017ca , ul. Cha\u0142ubi\u0144skiego<\/p>\n<p>&nbsp;<\/p>\n<p><strong>25 stycznia\u00a0 &#8211; sobota<\/strong><\/p>\n<p>Msza \u015awi\u0119ta, a po niej koncert &#8222;<strong>MAGIA \u015aWI\u0104T<\/strong>\u201d w wykonaniu artyst\u00f3w Teatru Rozrywki RZT\u00a0Szymaszkowa, <strong>Hanny Zbyryt <\/strong>oraz <strong>Wojciecha\u00a0Wachu\u0142ki<\/strong><\/p>\n<p>Centrum Formacyjno \u2013 Szkoleniowe \u201eKsi\u0119\u017c\u00f3wka\u201d, Al. Przewodnik\u00f3w Tatrza\u0144skich 2<\/p>\n<p>&nbsp;<\/p>\n<p><strong>26 stycznia \u2013 niedziela<\/strong><\/p>\n<p>Msza \u015awi\u0119ta , a po niej koncert <strong>\u201eDikandy\u201d<\/strong> z premier\u0105 p\u0142yty<\/p>\n<p>Sanktuarium Narodowe Matki Boskiej Fatimskiej, ul. Krzept\u00f3wki 14<\/p>\n<p>&nbsp;<\/p>\n<p><strong>1 luty \u2013 sobota<\/strong><\/p>\n<p>Msza \u015awi\u0119ta, a po niej koncert <strong>Ch\u00f3ru Nauczycielskiego SP5<\/strong><\/p>\n<p>Ko\u015bci\u00f3\u0142 \u015awi\u0119tego Antoniego Padewskiego, ul. Bulwary S\u0142owackiego 33<\/p>\n<p>&nbsp;<\/p>\n<p><strong>2 luty \u2013 niedziela<\/strong><\/p>\n<p>Msza \u015awi\u0119ta, a po niej koncert <strong>Niki Lubowicz<\/strong> z zespo\u0142em<\/p>\n<p>Sanktuarium Naj\u015bwi\u0119tszej Rodziny, ul. Krup\u00f3wki 1<\/p>\n<p>&nbsp;<\/p>\n<p><a href=\"https:\/\/ezakopane.pl\/wydarzenia\/xi-festiwal-koled-pastoralek-i-piesni-bozonarodzeniowych\/\">https:\/\/ezakopane.pl\/wydarzenia\/xi-festiwal-koled-pastoralek-i-piesni-bozonarodzeniowych\/<\/a><\/p>\n<p><a href=\"https:\/\/www.ekai.pl\/zakopane-xi-festiwal-koled-pastoralek-i-piesni-bozonarodzeniowych\/\">https:\/\/www.ekai.pl\/zakopane-xi-festiwal-koled-pastoralek-i-piesni-bozonarodzeniowych\/<\/a><\/p>\n<p><a href=\"https:\/\/z-ne.pl\/s,docid,60256,koncert_hanny_zbyryt_w_ramach_xi_festiwalu_koled_pastoralek_i_piesni_bozonarodzeniowych.html\">https:\/\/z-ne.pl\/s,docid,60256,koncert_hanny_zbyryt_w_ramach_xi_festiwalu_koled_pastoralek_i_piesni_bozonarodzeniowych.html<\/a><\/p>\n<p><a href=\"http:\/\/www.tatry.pl\/aktualnosci\/2334.html\">http:\/\/www.tatry.pl\/aktualnosci\/2334.html<\/a><\/p>\n<p><a href=\"https:\/\/www.watra.pl\/zakopane\/kultura\/2020\/01\/26\/xi-festiwal-koled-pastoralek-i-piesni-bozonarodzeniowych-dikanda-na-krzeptowkach\">https:\/\/www.watra.pl\/zakopane\/kultura\/2020\/01\/26\/xi-festiwal-koled-pastoralek-i-piesni-bozonarodzeniowych-dikanda-na-krzeptowkach<\/a><\/p>\n<p>&nbsp;<\/p>\n<div id='gallery-1' class='gallery galleryid-1051 gallery-columns-3 gallery-size-thumbnail'><figure class='gallery-item'>\n\t\t\t<div class='gallery-icon landscape'>\n\t\t\t\t<a href='http:\/\/archiwum.festiwale.zakopane.pl\/festiwal-koled\/dsc-8753\/'><img width=\"150\" height=\"150\" src=\"http:\/\/archiwum.festiwale.zakopane.pl\/festiwal-koled\/wp-content\/uploads\/sites\/2\/2020\/01\/dsc-8753-150x150.jpg\" class=\"attachment-thumbnail size-thumbnail\" alt=\"\" loading=\"lazy\" aria-describedby=\"gallery-1-287\" \/><\/a>\n\t\t\t<\/div>\n\t\t\t\t<figcaption class='wp-caption-text gallery-caption' id='gallery-1-287'>\n\t\t\t\tOrszak Trzech Kr\u00f3li\n\t\t\t\t<\/figcaption><\/figure><figure class='gallery-item'>\n\t\t\t<div class='gallery-icon landscape'>\n\t\t\t\t<a href='http:\/\/archiwum.festiwale.zakopane.pl\/festiwal-koled\/dsc_8700\/'><img width=\"150\" height=\"150\" src=\"http:\/\/archiwum.festiwale.zakopane.pl\/festiwal-koled\/wp-content\/uploads\/sites\/2\/2020\/01\/DSC_8700-150x150.jpg\" class=\"attachment-thumbnail size-thumbnail\" alt=\"\" loading=\"lazy\" aria-describedby=\"gallery-1-291\" \/><\/a>\n\t\t\t<\/div>\n\t\t\t\t<figcaption class='wp-caption-text gallery-caption' id='gallery-1-291'>\n\t\t\t\tOrszak Trzech Kr\u00f3li \n\t\t\t\t<\/figcaption><\/figure><figure class='gallery-item'>\n\t\t\t<div class='gallery-icon landscape'>\n\t\t\t\t<a href='http:\/\/archiwum.festiwale.zakopane.pl\/festiwal-koled\/dsc_8761\/'><img width=\"150\" height=\"150\" src=\"http:\/\/archiwum.festiwale.zakopane.pl\/festiwal-koled\/wp-content\/uploads\/sites\/2\/2020\/01\/DSC_8761-150x150.jpg\" class=\"attachment-thumbnail size-thumbnail\" alt=\"\" loading=\"lazy\" aria-describedby=\"gallery-1-303\" \/><\/a>\n\t\t\t<\/div>\n\t\t\t\t<figcaption class='wp-caption-text gallery-caption' id='gallery-1-303'>\n\t\t\t\tOrszak trzech Kr\u00f3li \n\t\t\t\t<\/figcaption><\/figure><figure class='gallery-item'>\n\t\t\t<div class='gallery-icon landscape'>\n\t\t\t\t<a href='http:\/\/archiwum.festiwale.zakopane.pl\/festiwal-koled\/11\/'><img width=\"160\" height=\"160\" src=\"http:\/\/archiwum.festiwale.zakopane.pl\/festiwal-koled\/wp-content\/uploads\/sites\/2\/2020\/01\/11-e1578398382537-160x160.jpg\" class=\"attachment-thumbnail size-thumbnail\" alt=\"\" loading=\"lazy\" aria-describedby=\"gallery-1-316\" \/><\/a>\n\t\t\t<\/div>\n\t\t\t\t<figcaption class='wp-caption-text gallery-caption' id='gallery-1-316'>\n\t\t\t\tOrszak Trzech Kr\u00f3li\n\t\t\t\t<\/figcaption><\/figure><figure class='gallery-item'>\n\t\t\t<div class='gallery-icon landscape'>\n\t\t\t\t<a href='http:\/\/archiwum.festiwale.zakopane.pl\/festiwal-koled\/olympus-digital-camera-3\/'><img width=\"160\" height=\"160\" src=\"http:\/\/archiwum.festiwale.zakopane.pl\/festiwal-koled\/wp-content\/uploads\/sites\/2\/2020\/01\/3-160x160.jpg\" class=\"attachment-thumbnail size-thumbnail\" alt=\"\" loading=\"lazy\" aria-describedby=\"gallery-1-322\" \/><\/a>\n\t\t\t<\/div>\n\t\t\t\t<figcaption class='wp-caption-text gallery-caption' id='gallery-1-322'>\n\t\t\t\t4 stycznia 2020r &#8211; Pierwsza Gwiazda\n\t\t\t\t<\/figcaption><\/figure><figure class='gallery-item'>\n\t\t\t<div class='gallery-icon portrait'>\n\t\t\t\t<a href='http:\/\/archiwum.festiwale.zakopane.pl\/festiwal-koled\/81038937_474697126577226_5997529651105234944_n\/'><img width=\"160\" height=\"160\" src=\"http:\/\/archiwum.festiwale.zakopane.pl\/festiwal-koled\/wp-content\/uploads\/sites\/2\/2020\/01\/81038937_474697126577226_5997529651105234944_n-160x160.jpg\" class=\"attachment-thumbnail size-thumbnail\" alt=\"\" loading=\"lazy\" aria-describedby=\"gallery-1-328\" \/><\/a>\n\t\t\t<\/div>\n\t\t\t\t<figcaption class='wp-caption-text gallery-caption' id='gallery-1-328'>\n\t\t\t\t24 grudnia 2019r &#8211; Giewont \n\t\t\t\t<\/figcaption><\/figure><figure class='gallery-item'>\n\t\t\t<div class='gallery-icon landscape'>\n\t\t\t\t<a href='http:\/\/archiwum.festiwale.zakopane.pl\/festiwal-koled\/dsc_6618\/'><img width=\"160\" height=\"160\" src=\"http:\/\/archiwum.festiwale.zakopane.pl\/festiwal-koled\/wp-content\/uploads\/sites\/2\/2020\/01\/DSC_6618-160x160.jpg\" class=\"attachment-thumbnail size-thumbnail\" alt=\"\" loading=\"lazy\" aria-describedby=\"gallery-1-361\" \/><\/a>\n\t\t\t<\/div>\n\t\t\t\t<figcaption class='wp-caption-text gallery-caption' id='gallery-1-361'>\n\t\t\t\tSkibowia\u0144skie Zwyrtliki\n\t\t\t\t<\/figcaption><\/figure><figure class='gallery-item'>\n\t\t\t<div class='gallery-icon landscape'>\n\t\t\t\t<a href='http:\/\/archiwum.festiwale.zakopane.pl\/festiwal-koled\/1-2\/'><img width=\"160\" height=\"160\" src=\"http:\/\/archiwum.festiwale.zakopane.pl\/festiwal-koled\/wp-content\/uploads\/sites\/2\/2020\/01\/1-1-e1579088120243-160x160.jpg\" class=\"attachment-thumbnail size-thumbnail\" alt=\"\" loading=\"lazy\" aria-describedby=\"gallery-1-408\" \/><\/a>\n\t\t\t<\/div>\n\t\t\t\t<figcaption class='wp-caption-text gallery-caption' id='gallery-1-408'>\n\t\t\t\tRodzina Lassak\u00f3w &#8222;Helios\u00f3w&#8221;\n\t\t\t\t<\/figcaption><\/figure><figure class='gallery-item'>\n\t\t\t<div class='gallery-icon landscape'>\n\t\t\t\t<a href='http:\/\/archiwum.festiwale.zakopane.pl\/festiwal-koled\/17\/'><img width=\"160\" height=\"160\" src=\"http:\/\/archiwum.festiwale.zakopane.pl\/festiwal-koled\/wp-content\/uploads\/sites\/2\/2020\/01\/17-e1579690295632-160x160.jpg\" class=\"attachment-thumbnail size-thumbnail\" alt=\"\" loading=\"lazy\" aria-describedby=\"gallery-1-437\" \/><\/a>\n\t\t\t<\/div>\n\t\t\t\t<figcaption class='wp-caption-text gallery-caption' id='gallery-1-437'>\n\t\t\t\t12 stycznia 2020 &#8211; Hanka Rybka\n\t\t\t\t<\/figcaption><\/figure><figure class='gallery-item'>\n\t\t\t<div class='gallery-icon landscape'>\n\t\t\t\t<a href='http:\/\/archiwum.festiwale.zakopane.pl\/festiwal-koled\/dsc_6701\/'><img width=\"160\" height=\"160\" src=\"http:\/\/archiwum.festiwale.zakopane.pl\/festiwal-koled\/wp-content\/uploads\/sites\/2\/2020\/01\/DSC_6701-160x160.jpg\" class=\"attachment-thumbnail size-thumbnail\" alt=\"\" loading=\"lazy\" aria-describedby=\"gallery-1-454\" \/><\/a>\n\t\t\t<\/div>\n\t\t\t\t<figcaption class='wp-caption-text gallery-caption' id='gallery-1-454'>\n\t\t\t\t17 stycznia 2020r &#8211; Eleni\n\t\t\t\t<\/figcaption><\/figure><figure class='gallery-item'>\n\t\t\t<div class='gallery-icon landscape'>\n\t\t\t\t<a href='http:\/\/archiwum.festiwale.zakopane.pl\/festiwal-koled\/dsc_6765\/'><img width=\"160\" height=\"160\" src=\"http:\/\/archiwum.festiwale.zakopane.pl\/festiwal-koled\/wp-content\/uploads\/sites\/2\/2020\/01\/DSC_6765-e1579688178887-160x160.jpg\" class=\"attachment-thumbnail size-thumbnail\" alt=\"\" loading=\"lazy\" aria-describedby=\"gallery-1-463\" \/><\/a>\n\t\t\t<\/div>\n\t\t\t\t<figcaption class='wp-caption-text gallery-caption' id='gallery-1-463'>\n\t\t\t\tMegitza &#8211; 18 stycznia 2020\n\t\t\t\t<\/figcaption><\/figure><figure class='gallery-item'>\n\t\t\t<div class='gallery-icon landscape'>\n\t\t\t\t<a href='http:\/\/archiwum.festiwale.zakopane.pl\/festiwal-koled\/dsc_1318\/'><img width=\"160\" height=\"160\" src=\"http:\/\/archiwum.festiwale.zakopane.pl\/festiwal-koled\/wp-content\/uploads\/sites\/2\/2020\/01\/DSC_1318-160x160.jpg\" class=\"attachment-thumbnail size-thumbnail\" alt=\"\" loading=\"lazy\" aria-describedby=\"gallery-1-481\" \/><\/a>\n\t\t\t<\/div>\n\t\t\t\t<figcaption class='wp-caption-text gallery-caption' id='gallery-1-481'>\n\t\t\t\tMagda Steczkowska &#8211; 19 stycznia 2020r.\n\t\t\t\t<\/figcaption><\/figure><figure class='gallery-item'>\n\t\t\t<div class='gallery-icon landscape'>\n\t\t\t\t<a href='http:\/\/archiwum.festiwale.zakopane.pl\/festiwal-koled\/dsc_1412\/'><img width=\"160\" height=\"160\" src=\"http:\/\/archiwum.festiwale.zakopane.pl\/festiwal-koled\/wp-content\/uploads\/sites\/2\/2020\/01\/DSC_1412-160x160.jpg\" class=\"attachment-thumbnail size-thumbnail\" alt=\"\" loading=\"lazy\" aria-describedby=\"gallery-1-491\" \/><\/a>\n\t\t\t<\/div>\n\t\t\t\t<figcaption class='wp-caption-text gallery-caption' id='gallery-1-491'>\n\t\t\t\tMagda Steczkowska &#8211; 19 stycznia 2020r.\n\t\t\t\t<\/figcaption><\/figure><figure class='gallery-item'>\n\t\t\t<div class='gallery-icon landscape'>\n\t\t\t\t<a href='http:\/\/archiwum.festiwale.zakopane.pl\/festiwal-koled\/20200123_181837\/'><img width=\"160\" height=\"160\" src=\"http:\/\/archiwum.festiwale.zakopane.pl\/festiwal-koled\/wp-content\/uploads\/sites\/2\/2020\/01\/20200123_181837-160x160.jpg\" class=\"attachment-thumbnail size-thumbnail\" alt=\"\" loading=\"lazy\" aria-describedby=\"gallery-1-501\" \/><\/a>\n\t\t\t<\/div>\n\t\t\t\t<figcaption class='wp-caption-text gallery-caption' id='gallery-1-501'>\n\t\t\t\t23 stycznia 2020 &#8211; Kol\u0119dy i Pastoralki W\u0142odzimierza Nahornego\n\t\t\t\t<\/figcaption><\/figure><figure class='gallery-item'>\n\t\t\t<div class='gallery-icon landscape'>\n\t\t\t\t<a href='http:\/\/archiwum.festiwale.zakopane.pl\/festiwal-koled\/dsc01122\/'><img width=\"160\" height=\"160\" src=\"http:\/\/archiwum.festiwale.zakopane.pl\/festiwal-koled\/wp-content\/uploads\/sites\/2\/2020\/01\/DSC01122-160x160.jpg\" class=\"attachment-thumbnail size-thumbnail\" alt=\"\" loading=\"lazy\" aria-describedby=\"gallery-1-513\" \/><\/a>\n\t\t\t<\/div>\n\t\t\t\t<figcaption class='wp-caption-text gallery-caption' id='gallery-1-513'>\n\t\t\t\t25 stycznia 2020r &#8211; Hanna Zbyryt i Wojciech Wachu\u0142ka\n\t\t\t\t<\/figcaption><\/figure><figure class='gallery-item'>\n\t\t\t<div class='gallery-icon landscape'>\n\t\t\t\t<a href='http:\/\/archiwum.festiwale.zakopane.pl\/festiwal-koled\/20200126_201401\/'><img width=\"160\" height=\"160\" src=\"http:\/\/archiwum.festiwale.zakopane.pl\/festiwal-koled\/wp-content\/uploads\/sites\/2\/2020\/01\/20200126_201401-160x160.jpg\" class=\"attachment-thumbnail size-thumbnail\" alt=\"\" loading=\"lazy\" aria-describedby=\"gallery-1-519\" \/><\/a>\n\t\t\t<\/div>\n\t\t\t\t<figcaption class='wp-caption-text gallery-caption' id='gallery-1-519'>\n\t\t\t\t26 stycznia 2020 &#8211; Dikanada\n\t\t\t\t<\/figcaption><\/figure><figure class='gallery-item'>\n\t\t\t<div class='gallery-icon portrait'>\n\t\t\t\t<a href='http:\/\/archiwum.festiwale.zakopane.pl\/festiwal-koled\/dsc_7285\/'><img width=\"160\" height=\"160\" src=\"http:\/\/archiwum.festiwale.zakopane.pl\/festiwal-koled\/wp-content\/uploads\/sites\/2\/2020\/01\/DSC_7285-160x160.jpg\" class=\"attachment-thumbnail size-thumbnail\" alt=\"\" loading=\"lazy\" aria-describedby=\"gallery-1-534\" \/><\/a>\n\t\t\t<\/div>\n\t\t\t\t<figcaption class='wp-caption-text gallery-caption' id='gallery-1-534'>\n\t\t\t\tBlue Note \n\t\t\t\t<\/figcaption><\/figure><figure class='gallery-item'>\n\t\t\t<div class='gallery-icon portrait'>\n\t\t\t\t<a href='http:\/\/archiwum.festiwale.zakopane.pl\/festiwal-koled\/dsc_8078\/'><img width=\"160\" height=\"160\" src=\"http:\/\/archiwum.festiwale.zakopane.pl\/festiwal-koled\/wp-content\/uploads\/sites\/2\/2020\/01\/DSC_8078-160x160.jpg\" class=\"attachment-thumbnail size-thumbnail\" alt=\"\" loading=\"lazy\" aria-describedby=\"gallery-1-559\" \/><\/a>\n\t\t\t<\/div>\n\t\t\t\t<figcaption class='wp-caption-text gallery-caption' id='gallery-1-559'>\n\t\t\t\tDikanda \n\t\t\t\t<\/figcaption><\/figure><figure class='gallery-item'>\n\t\t\t<div class='gallery-icon landscape'>\n\t\t\t\t<a href='http:\/\/archiwum.festiwale.zakopane.pl\/festiwal-koled\/dsc_8102\/'><img width=\"160\" height=\"160\" src=\"http:\/\/archiwum.festiwale.zakopane.pl\/festiwal-koled\/wp-content\/uploads\/sites\/2\/2020\/01\/DSC_8102-160x160.jpg\" class=\"attachment-thumbnail size-thumbnail\" alt=\"\" loading=\"lazy\" aria-describedby=\"gallery-1-567\" \/><\/a>\n\t\t\t<\/div>\n\t\t\t\t<figcaption class='wp-caption-text gallery-caption' id='gallery-1-567'>\n\t\t\t\tDikanda\n\t\t\t\t<\/figcaption><\/figure>\n\t\t<\/div>\n\n<p>&nbsp;<\/p>\n","protected":false},"excerpt":{"rendered":"<p>XI FESTIWAL KOL\u0118D, PASTORA\u0141EK I PIE\u015aNI BO\u017bONARODZENIOWYCH \u201eDobrze ze\u015b si\u0119 Jezu pod Giewontem zrodziy\u0142\u2026\u201d 24 [&hellip;]<\/p>\n","protected":false},"author":2,"featured_media":265,"parent":0,"menu_order":0,"comment_status":"closed","ping_status":"closed","template":"","meta":[],"acf":[],"_links":{"self":[{"href":"http:\/\/archiwum.festiwale.zakopane.pl\/festiwal-koled\/wp-json\/wp\/v2\/pages\/1051"}],"collection":[{"href":"http:\/\/archiwum.festiwale.zakopane.pl\/festiwal-koled\/wp-json\/wp\/v2\/pages"}],"about":[{"href":"http:\/\/archiwum.festiwale.zakopane.pl\/festiwal-koled\/wp-json\/wp\/v2\/types\/page"}],"author":[{"embeddable":true,"href":"http:\/\/archiwum.festiwale.zakopane.pl\/festiwal-koled\/wp-json\/wp\/v2\/users\/2"}],"replies":[{"embeddable":true,"href":"http:\/\/archiwum.festiwale.zakopane.pl\/festiwal-koled\/wp-json\/wp\/v2\/comments?post=1051"}],"version-history":[{"count":5,"href":"http:\/\/archiwum.festiwale.zakopane.pl\/festiwal-koled\/wp-json\/wp\/v2\/pages\/1051\/revisions"}],"predecessor-version":[{"id":1100,"href":"http:\/\/archiwum.festiwale.zakopane.pl\/festiwal-koled\/wp-json\/wp\/v2\/pages\/1051\/revisions\/1100"}],"wp:featuredmedia":[{"embeddable":true,"href":"http:\/\/archiwum.festiwale.zakopane.pl\/festiwal-koled\/wp-json\/wp\/v2\/media\/265"}],"wp:attachment":[{"href":"http:\/\/archiwum.festiwale.zakopane.pl\/festiwal-koled\/wp-json\/wp\/v2\/media?parent=1051"}],"curies":[{"name":"wp","href":"https:\/\/api.w.org\/{rel}","templated":true}]}}