{"id":1047,"date":"2021-04-13T10:20:45","date_gmt":"2021-04-13T08:20:45","guid":{"rendered":"https:\/\/festiwale.zakopane.pl\/festiwal-koled\/?page_id=1047"},"modified":"2021-04-14T12:18:18","modified_gmt":"2021-04-14T10:18:18","slug":"ix-festiwal","status":"publish","type":"page","link":"http:\/\/archiwum.festiwale.zakopane.pl\/festiwal-koled\/ix-festiwal\/","title":{"rendered":"IX. Festiwal"},"content":{"rendered":"<p><strong>IX Festiwal Kol\u0119d, Pastora\u0142ek i Pie\u015bni Bo\u017conarodzeniowych &#8222;<\/strong><strong>Dobrze ze\u015b si\u0119 Jezu pod Giewontem zrodziy\u0142\u2026&#8221;<\/strong><\/p>\n<p><strong>\u00a0<\/strong><\/p>\n<p><strong>24 grudnia &#8211; niedziela<\/strong><\/p>\n<p>Koncert Kol\u0119d i Pastora\u0142ek w wykonaniu <strong>Parafialnego Regionalnego Zespo\u0142u \u201eGiewont\u201d<\/strong><\/p>\n<p>Sanktuarium Matki Boskiej Objawiaj\u0105cej Cudowny Medalik na Olczy<\/p>\n<p><strong>\u00a0<\/strong><\/p>\n<p><strong>26 grudnia &#8211; wtorek<\/strong><\/p>\n<p>Jase\u0142ka w wykonaniu zespo\u0142u <strong>\u201eMa\u0142y Giewont<\/strong>\u201d<\/p>\n<p>Sanktuarium Matki Boskiej Objawiaj\u0105cej Cudowny Medalik na Olczy<\/p>\n<p><strong>\u00a0<\/strong><\/p>\n<p>Msza \u015awi\u0119ta za po niej koncert kol\u0119d \u201eKie \u0142owiecek pilnowali\u201d w wykonaniu zespo\u0142u <strong>\u201eMa\u0142a Armia Janosika\u201d <\/strong><\/p>\n<p>Ko\u015bci\u00f3\u0142 Ojc\u00f3w Jezuit\u00f3w pw. Matki Bo\u017cej Nieustaj\u0105cej Pomocy na G\u00f3rce, ul. Kaszelewskiego 9<\/p>\n<p><strong>\u00a0<\/strong><\/p>\n<p><strong>5 stycznia &#8211; pi\u0105tek<\/strong><\/p>\n<p>Msza \u015awi\u0119ta a po niej koncert \u201eSwingowa kol\u0119da pod Tatrami\u201d w wykonaniu <strong>Hani Malaciny &#8211; Karpiel i zespo\u0142u Holeviaters <\/strong><\/p>\n<p>Centrum Formacyjno \u2013 Szkoleniowe \u201eKsi\u0119\u017c\u00f3wka\u201d,\u00a0 Al. Przewodnik\u00f3w Tatrza\u0144skich<\/p>\n<p><strong>\u00a0<\/strong><\/p>\n<p><strong>6 stycznia &#8211; sobota<\/strong><\/p>\n<p><strong>Pok\u0142on Trzech Kr\u00f3li<\/strong><\/p>\n<p>Msza \u015awi\u0119ta<\/p>\n<p>Sanktuarium Naj\u015bwi\u0119tszej Rodziny, ul. Krup\u00f3wki 1<\/p>\n<p>Przemarsz z udzia\u0142em zespo\u0142\u00f3w regionalnych a tak\u017ce M\u0119drc\u00f3w ze Wschodu, w kt\u00f3rych role wcielaj\u0105 si\u0119 aktorzy Teatru im. Stanis\u0142awa Ignacego Witkiewicza i wsp\u00f3lne kol\u0119dowanie przy g\u00f3ralskiej szopce przy Starym Ko\u015bci\u00f3\u0142ku<\/p>\n<p>&nbsp;<\/p>\n<p>Msza \u015awi\u0119ta a po niej Harendzia\u0144skie kol\u0119dowanie z udzia\u0142em <strong>ks. Biskupa Antoniego D\u0142ugosza<\/strong><\/p>\n<p>Ko\u015bci\u00f3\u0142 \u015awi\u0119tego Jana Aposto\u0142a i Ewangelisty, Harenda 12<\/p>\n<p>&nbsp;<\/p>\n<p><strong>9 stycznia &#8211; wtorek<\/strong><\/p>\n<p><strong>Edyta Gepert<\/strong><\/p>\n<p>Miejska Galeria Sztuki im. W\u0142adys\u0142awa hr. Zamoyskiego, ul. Krup\u00f3wki 41<\/p>\n<p>&nbsp;<\/p>\n<p><strong>13 stycznia \u00a0&#8211; sobota <\/strong><\/p>\n<p>Msza \u015awi\u0119ta a po niej koncert Kol\u0119d w wykonaniu <strong>Megitzy<\/strong><\/p>\n<p>Parafia \u015awi\u0119tego Jana Aposto\u0142a i Ewangelisty, Harenda 12<\/p>\n<p>&nbsp;<\/p>\n<p><strong>14 stycznia niedziela<\/strong><\/p>\n<p>Msza \u015awi\u0119ta a po niej koncert w wykonaniu <strong>Martyny Kasprzyckiej<\/strong> i zespo\u0142u <strong>Iment Folk<\/strong><\/p>\n<p>Ko\u015bci\u00f3\u0142 Mi\u0142osierdzia Bo\u017cego, Cyrhla 37<\/p>\n<p>&nbsp;<\/p>\n<p>&nbsp;<\/p>\n<p><strong>19 stycznia \u00a0-pi\u0105tek<\/strong><\/p>\n<p>Msza \u015awi\u0119ta a po niej koncert \u00a0\u201ePrzy Betelejemskik Horak\u201d w wykonaniu zespo\u0142u <strong>9 Siy\u0142 i Ma\u0142a Ziemia Suska<\/strong><\/p>\n<p>Ko\u015bci\u00f3\u0142 Naj\u015bwi\u0119tszej Marii Panny Kr\u00f3lowej \u015awiata, ul. Bulwary S\u0142owackiego 2<\/p>\n<p>&nbsp;<\/p>\n<p><strong>20 stycznia \u00a0&#8211; sobota<\/strong><\/p>\n<p>Msza \u015awi\u0119ta a po niej koncert Kol\u0119d i Pastora\u0142ek w wykonaniu <strong>Parafialnego Regionalnego Zespo\u0142u Giewont<\/strong><\/p>\n<p>Sanktuarium Matki Boskiej Fatimskiej, Krzept\u00f3wki 14<\/p>\n<p>&nbsp;<\/p>\n<p><strong>21 stycznia &#8211; niedziela<\/strong><\/p>\n<p>Msza \u015awi\u0119ta a po niej koncert w wykonaniu zespo\u0142u <strong>\u201eHarni\u201d<\/strong><\/p>\n<p>Kaplica Naj\u015bwi\u0119tszej Marii Panny Matki Zbawiciela, ul. Anta\u0142\u00f3wka 40<\/p>\n<p>&nbsp;<\/p>\n<p>Msza \u015awi\u0119ta a po niej koncert \u201eJazzu Malusie\u0144ki\u201d w wykonaniu\u00a0 <strong>W\u0142odka Pawlika i Ewy Urygi<\/strong><\/p>\n<p>Ko\u015bci\u00f3\u0142 Ojc\u00f3w Jezuit\u00f3w pw. Matki Bo\u017cej Nieustaj\u0105cej Pomocy na G\u00f3rce, ul. Kaszelewskiego 9<\/p>\n<p>&nbsp;<\/p>\n<p><strong>23 stycznia &#8211; wtorek<\/strong><\/p>\n<p>Msza \u015awi\u0119ta a po niej koncert <strong>Kol\u0119dy Pospieszalskich<\/strong><\/p>\n<p>Ko\u015bci\u00f3\u0142 \u015awi\u0119tego Krzy\u017ca, ul. Cha\u0142ubi\u0144skiego 30<\/p>\n<p>&nbsp;<\/p>\n<p><strong>26 stycznia &#8211; pi\u0105tek<\/strong><\/p>\n<p>Msza \u015awi\u0119ta a po niej koncert kol\u0119d w wykonaniu artyst\u00f3w <strong>Teatru Rozrywki RZT Szymaszkowa &#8211; Hanny Zbyryt i Wojciecha Inglota<\/strong><\/p>\n<p>Ko\u015bci\u00f3\u0142 \u015awi\u0119tego Antoniego Padewskiego, ul. Bulwary S\u0142owackiego 33<\/p>\n<p>&nbsp;<\/p>\n<p><strong>29 stycznia &#8211; niedziela<\/strong><\/p>\n<p>Msza \u015awi\u0119ta a po niej koncert\u00a0 \u201eAnieli Ci\u0119 przynie\u015bli\u201d w wykonaniu zespo\u0142u <strong>Jakubowe Muszelki<\/strong><\/p>\n<p>Ko\u015bci\u00f3\u0142 Mi\u0142osierdzia Bo\u017cego, ul. Chramc\u00f3wki 19<\/p>\n<p>&nbsp;<\/p>\n<p><strong>1 luty &#8211; czwartek<\/strong><\/p>\n<p>Msza \u015awi\u0119ta a po niej koncert w wykonaniu <strong>Zespo\u0142u im. Klimka Bachledy<\/strong><\/p>\n<p>Sanktuarium Matki Bo\u017cej Objawiaj\u0105cej Cudowny Medalik na Olczy<\/p>\n<p>&nbsp;<\/p>\n<p><strong>2 luty &#8211; pi\u0105tek<\/strong><\/p>\n<p>Msza \u015awi\u0119ta a po niej koncert w wykonaniu <strong>Hanki Rybki<\/strong><\/p>\n<p>Sanktuarium Naj\u015bwi\u0119tszej Rodziny, ul. Krup\u00f3wki 1<\/p>\n<p>&nbsp;<\/p>\n<p><a href=\"https:\/\/www.watra.pl\/zakopane-harenda\/kultura\/2018\/01\/07\/ix-festiwal-koled-pastoralek-i-piesni-bozonarodzeniowych-harendzienskie-koledowanie\">https:\/\/www.watra.pl\/zakopane-harenda\/kultura\/2018\/01\/07\/ix-festiwal-koled-pastoralek-i-piesni-bozonarodzeniowych-harendzienskie-koledowanie<\/a><\/p>\n<p><a href=\"https:\/\/www.watra.pl\/zakopane\/kultura\/2018\/01\/24\/ix-festiwal-koled-pastoralek-i-piesni-bozonarodzeniowych-koledy-pospieszalskich\">https:\/\/www.watra.pl\/zakopane\/kultura\/2018\/01\/24\/ix-festiwal-koled-pastoralek-i-piesni-bozonarodzeniowych-koledy-pospieszalskich<\/a><\/p>\n<p><a href=\"https:\/\/www.ekai.pl\/zakopane-ix-festiwal-koled-pastoralek-i-piesni-bozonarodzeniowych-dobrze-zes-sie-jezu-pod-giewontem-zrodziyl\/\">https:\/\/www.ekai.pl\/zakopane-ix-festiwal-koled-pastoralek-i-piesni-bozonarodzeniowych-dobrze-zes-sie-jezu-pod-giewontem-zrodziyl\/<\/a><\/p>\n<p><a href=\"https:\/\/www.ekai.pl\/zakopane-ix-festiwal-koled-pastoralek-i-piesni-bozonarodzeniowych-dobrze-zes-sie-jezu-pod-giewontem-zrodziyl\/\">https:\/\/www.ekai.pl\/zakopane-ix-festiwal-koled-pastoralek-i-piesni-bozonarodzeniowych-dobrze-zes-sie-jezu-pod-giewontem-zrodziyl\/<\/a><\/p>\n<p><a href=\"http:\/\/tatry.pl\/aktualnosci\/1339.html\">http:\/\/tatry.pl\/aktualnosci\/1339.html<\/a><\/p>\n<p>&nbsp;<\/p>\n<div id='gallery-1' class='gallery galleryid-1047 gallery-columns-2 gallery-size-thumbnail'><figure class='gallery-item'>\n\t\t\t<div class='gallery-icon landscape'>\n\t\t\t\t<a href='http:\/\/archiwum.festiwale.zakopane.pl\/festiwal-koled\/ix-festiwal\/1-9\/'><img width=\"160\" height=\"160\" src=\"http:\/\/archiwum.festiwale.zakopane.pl\/festiwal-koled\/wp-content\/uploads\/sites\/2\/2021\/04\/1-160x160.jpg\" class=\"attachment-thumbnail size-thumbnail\" alt=\"\" loading=\"lazy\" aria-describedby=\"gallery-1-1089\" \/><\/a>\n\t\t\t<\/div>\n\t\t\t\t<figcaption class='wp-caption-text gallery-caption' id='gallery-1-1089'>\n\t\t\t\tZesp\u00f3\u0142 im. Klimka Bacheldy \n\t\t\t\t<\/figcaption><\/figure><figure class='gallery-item'>\n\t\t\t<div class='gallery-icon landscape'>\n\t\t\t\t<a href='http:\/\/archiwum.festiwale.zakopane.pl\/festiwal-koled\/ix-festiwal\/2-6\/'><img width=\"160\" height=\"160\" src=\"http:\/\/archiwum.festiwale.zakopane.pl\/festiwal-koled\/wp-content\/uploads\/sites\/2\/2021\/04\/2-160x160.jpg\" class=\"attachment-thumbnail size-thumbnail\" alt=\"\" loading=\"lazy\" aria-describedby=\"gallery-1-1090\" \/><\/a>\n\t\t\t<\/div>\n\t\t\t\t<figcaption class='wp-caption-text gallery-caption' id='gallery-1-1090'>\n\t\t\t\tZesp\u00f3\u0142 im. Klimka Bacheldy \n\t\t\t\t<\/figcaption><\/figure><figure class='gallery-item'>\n\t\t\t<div class='gallery-icon landscape'>\n\t\t\t\t<a href='http:\/\/archiwum.festiwale.zakopane.pl\/festiwal-koled\/ix-festiwal\/3-4\/'><img width=\"160\" height=\"160\" src=\"http:\/\/archiwum.festiwale.zakopane.pl\/festiwal-koled\/wp-content\/uploads\/sites\/2\/2021\/04\/3-160x160.jpg\" class=\"attachment-thumbnail size-thumbnail\" alt=\"\" loading=\"lazy\" aria-describedby=\"gallery-1-1091\" \/><\/a>\n\t\t\t<\/div>\n\t\t\t\t<figcaption class='wp-caption-text gallery-caption' id='gallery-1-1091'>\n\t\t\t\tHanka Rybka z dzie\u0107mi \n\t\t\t\t<\/figcaption><\/figure><figure class='gallery-item'>\n\t\t\t<div class='gallery-icon portrait'>\n\t\t\t\t<a href='http:\/\/archiwum.festiwale.zakopane.pl\/festiwal-koled\/ix-festiwal\/4-5\/'><img width=\"160\" height=\"160\" src=\"http:\/\/archiwum.festiwale.zakopane.pl\/festiwal-koled\/wp-content\/uploads\/sites\/2\/2021\/04\/4-160x160.jpg\" class=\"attachment-thumbnail size-thumbnail\" alt=\"\" loading=\"lazy\" aria-describedby=\"gallery-1-1092\" \/><\/a>\n\t\t\t<\/div>\n\t\t\t\t<figcaption class='wp-caption-text gallery-caption' id='gallery-1-1092'>\n\t\t\t\tHanka Rybka\n\t\t\t\t<\/figcaption><\/figure><figure class='gallery-item'>\n\t\t\t<div class='gallery-icon portrait'>\n\t\t\t\t<a href='http:\/\/archiwum.festiwale.zakopane.pl\/festiwal-koled\/ix-festiwal\/5-6\/'><img width=\"160\" height=\"160\" src=\"http:\/\/archiwum.festiwale.zakopane.pl\/festiwal-koled\/wp-content\/uploads\/sites\/2\/2021\/04\/5-160x160.jpg\" class=\"attachment-thumbnail size-thumbnail\" alt=\"\" loading=\"lazy\" aria-describedby=\"gallery-1-1093\" \/><\/a>\n\t\t\t<\/div>\n\t\t\t\t<figcaption class='wp-caption-text gallery-caption' id='gallery-1-1093'>\n\t\t\t\tHanka Rybka \n\t\t\t\t<\/figcaption><\/figure><figure class='gallery-item'>\n\t\t\t<div class='gallery-icon portrait'>\n\t\t\t\t<a href='http:\/\/archiwum.festiwale.zakopane.pl\/festiwal-koled\/ix-festiwal\/6-6\/'><img width=\"160\" height=\"160\" src=\"http:\/\/archiwum.festiwale.zakopane.pl\/festiwal-koled\/wp-content\/uploads\/sites\/2\/2021\/04\/6-160x160.jpg\" class=\"attachment-thumbnail size-thumbnail\" alt=\"\" loading=\"lazy\" aria-describedby=\"gallery-1-1094\" \/><\/a>\n\t\t\t<\/div>\n\t\t\t\t<figcaption class='wp-caption-text gallery-caption' id='gallery-1-1094'>\n\t\t\t\tPlakat \n\t\t\t\t<\/figcaption><\/figure>\n\t\t<\/div>\n\n","protected":false},"excerpt":{"rendered":"<p>IX Festiwal Kol\u0119d, Pastora\u0142ek i Pie\u015bni Bo\u017conarodzeniowych &#8222;Dobrze ze\u015b si\u0119 Jezu pod Giewontem zrodziy\u0142\u2026&#8221; \u00a0 [&hellip;]<\/p>\n","protected":false},"author":2,"featured_media":265,"parent":0,"menu_order":0,"comment_status":"closed","ping_status":"closed","template":"","meta":[],"acf":[],"_links":{"self":[{"href":"http:\/\/archiwum.festiwale.zakopane.pl\/festiwal-koled\/wp-json\/wp\/v2\/pages\/1047"}],"collection":[{"href":"http:\/\/archiwum.festiwale.zakopane.pl\/festiwal-koled\/wp-json\/wp\/v2\/pages"}],"about":[{"href":"http:\/\/archiwum.festiwale.zakopane.pl\/festiwal-koled\/wp-json\/wp\/v2\/types\/page"}],"author":[{"embeddable":true,"href":"http:\/\/archiwum.festiwale.zakopane.pl\/festiwal-koled\/wp-json\/wp\/v2\/users\/2"}],"replies":[{"embeddable":true,"href":"http:\/\/archiwum.festiwale.zakopane.pl\/festiwal-koled\/wp-json\/wp\/v2\/comments?post=1047"}],"version-history":[{"count":6,"href":"http:\/\/archiwum.festiwale.zakopane.pl\/festiwal-koled\/wp-json\/wp\/v2\/pages\/1047\/revisions"}],"predecessor-version":[{"id":1102,"href":"http:\/\/archiwum.festiwale.zakopane.pl\/festiwal-koled\/wp-json\/wp\/v2\/pages\/1047\/revisions\/1102"}],"wp:featuredmedia":[{"embeddable":true,"href":"http:\/\/archiwum.festiwale.zakopane.pl\/festiwal-koled\/wp-json\/wp\/v2\/media\/265"}],"wp:attachment":[{"href":"http:\/\/archiwum.festiwale.zakopane.pl\/festiwal-koled\/wp-json\/wp\/v2\/media?parent=1047"}],"curies":[{"name":"wp","href":"https:\/\/api.w.org\/{rel}","templated":true}]}}