{"id":1049,"date":"2021-04-13T10:20:52","date_gmt":"2021-04-13T08:20:52","guid":{"rendered":"https:\/\/festiwale.zakopane.pl\/festiwal-koled-2020\/?page_id=1049"},"modified":"2021-04-14T08:53:18","modified_gmt":"2021-04-14T06:53:18","slug":"x-festiwal","status":"publish","type":"page","link":"http:\/\/archiwum.festiwale.zakopane.pl\/festiwal-koled-2020\/x-festiwal\/","title":{"rendered":"X Festiwal"},"content":{"rendered":"<p style=\"text-align: center\" align=\"center\"><strong><span style=\"color: #00b0f0\">X Festiwal Kol\u0119d, Pastora\u0142ek i Pie\u015bni Bo\u017conarodzeniowych<\/span><\/strong><b><span style=\"color: #00b0f0\"><br \/>\n<strong>\u201eDobrze ze\u015b si\u0119 Jezu pod Giewontem zrodziy\u0142\u2026\u201d<\/strong><\/span><\/b><\/p>\n<p style=\"text-align: center\" align=\"center\"><span style=\"color: #00b0f0\">\u00a0<\/span><\/p>\n<p><strong><span style=\"color: #00b0f0\">24 grudnia \u2013 poniedzia\u0142ek<\/span><\/strong><\/p>\n<p>Koncert Kol\u0119d i Pastora\u0142ek w wykonaniu Parafialnego Regionalnego Zespo\u0142u \u201eGiewont\u201d<\/p>\n<p>Sanktuarium Matki Boskiej Objawiaj\u0105cej Cudowny Medalik, ul. Piszczory 13<\/p>\n<p><strong><span style=\"color: #00b0f0\">26 grudnia &#8211; \u015broda<\/span><\/strong><\/p>\n<p><strong>\u00a0<\/strong>Msza \u015awi\u0119ta, a po niej Jase\u0142ka w wykonaniu zespo\u0142u \u201eMa\u0142y Giewont\u201d<\/p>\n<p>Sanktuarium Matki Boskiej Objawiaj\u0105cej Cudowny Medalik, ul. Piszczory 13<\/p>\n<p><strong><span style=\"color: #00b0f0\">5 stycznia &#8211; sobota<\/span><\/strong><\/p>\n<p>Msza \u015awi\u0119ta, a po niej koncert \u201eSikorowscy \u015bwi\u0105tecznie pod Giewontem\u201d. Andrzej Sikorowski i Maja Sikorowska z zespo\u0142em<\/p>\n<p>Ko\u015bci\u00f3\u0142 Mi\u0142osierdzia Bo\u017cego, ul. Chramc\u00f3wki 19<\/p>\n<p><strong><span style=\"color: #00b0f0\">6 stycznia &#8211; niedziela<\/span><\/strong><\/p>\n<p><strong>Pok\u0142on Trzech Kr\u00f3li<\/strong><\/p>\n<p>Msza \u015awi\u0119ta<\/p>\n<p>Sanktuarium Naj\u015bwi\u0119tszej Rodziny, ul. Krup\u00f3wki 1<\/p>\n<p>Przemarsz z udzia\u0142em zespo\u0142\u00f3w regionalnych, a tak\u017ce M\u0119drc\u00f3w ze Wschodu, w kt\u00f3rych role wcielaj\u0105 si\u0119 aktorzy Teatru im. Stanis\u0142awa Ignacego Witkiewicza oraz zespo\u0142u im. Klimka Bachledy i wsp\u00f3lne kol\u0119dowanie przy g\u00f3ralskiej szopce przy Starym Ko\u015bci\u00f3\u0142ku<\/p>\n<p>Msza \u015awi\u0119ta, a po niej koncert Aga Zaryan \u201eChristmas Songs\u201d<\/p>\n<p>Ko\u015bci\u00f3\u0142 \u015awi\u0119tego Krzy\u017ca, ul. Cha\u0142ubi\u0144skiego 30<\/p>\n<p><strong><span style=\"color: #00b0f0\">12 stycznia &#8211; sobota<\/span><\/strong><\/p>\n<p>Msza \u015awi\u0119ta, a po niej koncert zespo\u0142u\u201e9 Siy\u0142\u201d<\/p>\n<p>Kaplica Naj\u015bwi\u0119tszej Marii Panny Matki Zbawiciela, ul. Anta\u0142\u00f3wka 40<\/p>\n<p><strong><span style=\"color: #00b0f0\">13 stycznia &#8211; niedziela<\/span><\/strong><\/p>\n<p>Msza \u015awi\u0119ta, a po niej koncert zespo\u0142u \u201eDikanda\u201d<\/p>\n<p>Sanktuarium Matki Bo\u017cej Objawiaj\u0105cej Cudowny Medalik, ul. Piszczory 13<\/p>\n<p><strong><span style=\"color: #00b0f0\">18 stycznia &#8211; pi\u0105tek<\/span><\/strong><\/p>\n<p>Msza \u015awi\u0119ta, a po niej koncert Kapeli Hanki W\u00f3jciak<\/p>\n<p>Sanktuarium Naj\u015bwi\u0119tszej Rodziny, ul. Krup\u00f3wki 1<\/p>\n<p><strong><span style=\"color: #00b0f0\">19 stycznia &#8211; sobota<\/span><\/strong><\/p>\n<p>Msza \u015awi\u0119ta, a po niej koncert Rodziny Lassak\u00f3w \u201eHelios\u00f3w\u201d z Zakopanego<\/p>\n<p>Ko\u015bci\u00f3\u0142 \u015awi\u0119tego Antoniego Padewskiego, ul. Bulwary S\u0142owackiego 33<\/p>\n<p><strong><span style=\"color: #00b0f0\">20 stycznia &#8211; niedziela <\/span><\/strong><\/p>\n<p>Msza \u015awi\u0119ta, a po niej koncert Tatrza\u0144skiej Orkiestry Klimatycznej z udzia\u0142em Katarzyny Wiwer, Joanny Bogda\u0144skiej i Katarzyny Pawlikowskiej \u201ePolskie Kol\u0119dy Historyczne i Pastora\u0142ki ucieszne\u201d<\/p>\n<p>Sanktuarium Narodowe Matki Boskiej Fatimskiej, ul. Krzept\u00f3wki 14<\/p>\n<p><strong><span style=\"color: #00b0f0\">25 stycznia &#8211; pi\u0105tek<\/span><\/strong><\/p>\n<p>Msza \u015awi\u0119ta a po niej koncert zespo\u0142u \u201eHarni\u201d<\/p>\n<p>Ko\u015bci\u00f3\u0142 Naj\u015bwi\u0119tszej Marii Panny Kr\u00f3lowej \u015awiata, ul. Bulwary S\u0142owackiego 2<\/p>\n<p><strong><span style=\"color: #00b0f0\">26 stycznia- sobota<\/span><\/strong><\/p>\n<p>Msza \u015awi\u0119ta, a po niej koncert Joanny Albrzykowskiej \u2013 Clifford i Witolda Wrony \u201eZa\u015bpiewajmy Male\u0144kiemu\u201d<\/p>\n<p>Ko\u015bci\u00f3\u0142 Ojc\u00f3w Jezuit\u00f3w pw. Matki Bo\u017cej Nieustaj\u0105cej Pomocy, Na G\u00f3rce, ul. Ks. Kaszelewskiego 9<\/p>\n<p><strong><span style=\"color: #00b0f0\">27 stycznia &#8211; niedziela <\/span><\/strong><\/p>\n<p>Msza \u015awi\u0119ta, a po niej koncert \u201eMegitzy\u201d<\/p>\n<p>Ko\u015bci\u00f3\u0142 Mi\u0142osierdzia Bo\u017cego, ul. Cyrhla 37<\/p>\n<p><strong><span style=\"color: #00b0f0\">1 lutego -pi\u0105tek<\/span><\/strong><\/p>\n<p>Msza \u015awi\u0119ta, a po niej koncert Hanki Rybki<\/p>\n<p>Ko\u015bci\u00f3\u0142 \u015awi\u0119tego Jana Aposto\u0142a i Ewangelisty, ul. Harenda 12<\/p>\n<p><strong><span style=\"color: #00b0f0\">2 lutego &#8211; sobota<\/span><\/strong><\/p>\n<p>Msza \u015awi\u0119ta, a po niej koncert \u201eKol\u0119dy Antoniny Krzyszto\u0144\u201d<\/p>\n<p>Centrum Formacyjno \u2013 Szkoleniowe \u201eKsi\u0119\u017c\u00f3wka\u201d,Al. Przewodnik\u00f3w Tatrza\u0144skich<\/p>\n<p>&nbsp;<\/p>\n<p>&nbsp;<\/p>\n<p><a href=\"https:\/\/zakopane.bernardyni.pl\/koncert-koled\/\">https:\/\/zakopane.bernardyni.pl\/koncert-koled\/<\/a><\/p>\n<p><a href=\"https:\/\/kultura.wiara.pl\/doc\/5235257.Dobrze-zes-sie-Jezu-pod-Giewontem-zrodzil\">https:\/\/kultura.wiara.pl\/doc\/5235257.Dobrze-zes-sie-Jezu-pod-Giewontem-zrodzil<\/a><\/p>\n<p><a href=\"https:\/\/www.antoninakrzyszton.pl\/2-luty-koledy-antoniny-krzyszton-w-zakopanem\/\">https:\/\/www.antoninakrzyszton.pl\/2-luty-koledy-antoniny-krzyszton-w-zakopanem\/<\/a><\/p>\n<p><a href=\"https:\/\/diecezja.pl\/wydarzenia\/x-festiwal-koled-pastoralek-i-piesni-bozonarodzeniowych\/\">https:\/\/diecezja.pl\/wydarzenia\/x-festiwal-koled-pastoralek-i-piesni-bozonarodzeniowych\/<\/a><\/p>\n<p><a href=\"http:\/\/www.idziemy.pl\/kultura\/do-2-lutego-trwa-x-festiwal-koled-pastoralek-i-piesni-bozonarodzeniowych-w-zakopanem\">http:\/\/www.idziemy.pl\/kultura\/do-2-lutego-trwa-x-festiwal-koled-pastoralek-i-piesni-bozonarodzeniowych-w-zakopanem<\/a><\/p>\n<p><a href=\"https:\/\/www.radiokrakow.pl\/galerie\/x-festiwal-koled-pastoralek-i-piesni-bozonarodzeniowych-w-zakopanem\/7\/\">https:\/\/www.radiokrakow.pl\/galerie\/x-festiwal-koled-pastoralek-i-piesni-bozonarodzeniowych-w-zakopanem\/7\/<\/a><\/p>\n<p><a href=\"https:\/\/www.ekai.pl\/trwa-festiwal-koled-pastoralek-i-piesni-bozonarodzeniowych\/\">https:\/\/www.ekai.pl\/trwa-festiwal-koled-pastoralek-i-piesni-bozonarodzeniowych\/<\/a><\/p>\n<p><a href=\"https:\/\/www.watra.pl\/zakopane\/kultura\/2019\/02\/02\/x-festiwal-koled-pastoralek-i-piesni-bozonarodzeniowych-dobrze-zes-sie-jezu-pod-giewontem-zrodziyl\">https:\/\/www.watra.pl\/zakopane\/kultura\/2019\/02\/02\/x-festiwal-koled-pastoralek-i-piesni-bozonarodzeniowych-dobrze-zes-sie-jezu-pod-giewontem-zrodziyl<\/a><\/p>\n<p>&nbsp;<\/p>\n<p>&nbsp;<\/p>\n<div id='gallery-1' class='gallery galleryid-1049 gallery-columns-3 gallery-size-thumbnail'><figure class='gallery-item'>\n\t\t\t<div class='gallery-icon landscape'>\n\t\t\t\t<a href='http:\/\/archiwum.festiwale.zakopane.pl\/festiwal-koled-2020\/x-festiwal\/dsc00187\/'><img width=\"160\" height=\"160\" src=\"http:\/\/archiwum.festiwale.zakopane.pl\/festiwal-koled-2020\/wp-content\/uploads\/sites\/20\/2021\/04\/dsc00187-160x160.jpg\" class=\"attachment-thumbnail size-thumbnail\" alt=\"\" loading=\"lazy\" aria-describedby=\"gallery-1-1077\" \/><\/a>\n\t\t\t<\/div>\n\t\t\t\t<figcaption class='wp-caption-text gallery-caption' id='gallery-1-1077'>\n\t\t\t\tHanka Rybka\n\t\t\t\t<\/figcaption><\/figure><figure class='gallery-item'>\n\t\t\t<div class='gallery-icon landscape'>\n\t\t\t\t<a href='http:\/\/archiwum.festiwale.zakopane.pl\/festiwal-koled-2020\/x-festiwal\/dsc00192\/'><img width=\"160\" height=\"160\" src=\"http:\/\/archiwum.festiwale.zakopane.pl\/festiwal-koled-2020\/wp-content\/uploads\/sites\/20\/2021\/04\/dsc00192-160x160.jpg\" class=\"attachment-thumbnail size-thumbnail\" alt=\"\" loading=\"lazy\" aria-describedby=\"gallery-1-1078\" \/><\/a>\n\t\t\t<\/div>\n\t\t\t\t<figcaption class='wp-caption-text gallery-caption' id='gallery-1-1078'>\n\t\t\t\tHanka Rybka \n\t\t\t\t<\/figcaption><\/figure><figure class='gallery-item'>\n\t\t\t<div class='gallery-icon landscape'>\n\t\t\t\t<a href='http:\/\/archiwum.festiwale.zakopane.pl\/festiwal-koled-2020\/x-festiwal\/dsc-0830\/'><img width=\"160\" height=\"160\" src=\"http:\/\/archiwum.festiwale.zakopane.pl\/festiwal-koled-2020\/wp-content\/uploads\/sites\/20\/2021\/04\/dsc-0830-160x160.jpg\" class=\"attachment-thumbnail size-thumbnail\" alt=\"\" loading=\"lazy\" aria-describedby=\"gallery-1-1079\" \/><\/a>\n\t\t\t<\/div>\n\t\t\t\t<figcaption class='wp-caption-text gallery-caption' id='gallery-1-1079'>\n\t\t\t\tAndrzej i Maja Sikorowscy \n\t\t\t\t<\/figcaption><\/figure><figure class='gallery-item'>\n\t\t\t<div class='gallery-icon landscape'>\n\t\t\t\t<a href='http:\/\/archiwum.festiwale.zakopane.pl\/festiwal-koled-2020\/x-festiwal\/dsc-0868\/'><img width=\"160\" height=\"160\" src=\"http:\/\/archiwum.festiwale.zakopane.pl\/festiwal-koled-2020\/wp-content\/uploads\/sites\/20\/2021\/04\/dsc-0868-160x160.jpg\" class=\"attachment-thumbnail size-thumbnail\" alt=\"\" loading=\"lazy\" aria-describedby=\"gallery-1-1080\" \/><\/a>\n\t\t\t<\/div>\n\t\t\t\t<figcaption class='wp-caption-text gallery-caption' id='gallery-1-1080'>\n\t\t\t\tAndrzej i Maja Sikorowscy \n\t\t\t\t<\/figcaption><\/figure><figure class='gallery-item'>\n\t\t\t<div class='gallery-icon landscape'>\n\t\t\t\t<a href='http:\/\/archiwum.festiwale.zakopane.pl\/festiwal-koled-2020\/x-festiwal\/dsc-0922\/'><img width=\"160\" height=\"160\" src=\"http:\/\/archiwum.festiwale.zakopane.pl\/festiwal-koled-2020\/wp-content\/uploads\/sites\/20\/2021\/04\/dsc-0922-160x160.jpg\" class=\"attachment-thumbnail size-thumbnail\" alt=\"\" loading=\"lazy\" aria-describedby=\"gallery-1-1081\" \/><\/a>\n\t\t\t<\/div>\n\t\t\t\t<figcaption class='wp-caption-text gallery-caption' id='gallery-1-1081'>\n\t\t\t\tAndrzej i Maja Sikorowscy \n\t\t\t\t<\/figcaption><\/figure><figure class='gallery-item'>\n\t\t\t<div class='gallery-icon landscape'>\n\t\t\t\t<a href='http:\/\/archiwum.festiwale.zakopane.pl\/festiwal-koled-2020\/x-festiwal\/dsc-5477\/'><img width=\"160\" height=\"160\" src=\"http:\/\/archiwum.festiwale.zakopane.pl\/festiwal-koled-2020\/wp-content\/uploads\/sites\/20\/2021\/04\/dsc-5477-160x160.jpg\" class=\"attachment-thumbnail size-thumbnail\" alt=\"\" loading=\"lazy\" aria-describedby=\"gallery-1-1082\" \/><\/a>\n\t\t\t<\/div>\n\t\t\t\t<figcaption class='wp-caption-text gallery-caption' id='gallery-1-1082'>\n\t\t\t\tAntonina Krzyszto\u0144 \n\t\t\t\t<\/figcaption><\/figure><figure class='gallery-item'>\n\t\t\t<div class='gallery-icon portrait'>\n\t\t\t\t<a href='http:\/\/archiwum.festiwale.zakopane.pl\/festiwal-koled-2020\/x-festiwal\/dsc-5478\/'><img width=\"160\" height=\"160\" src=\"http:\/\/archiwum.festiwale.zakopane.pl\/festiwal-koled-2020\/wp-content\/uploads\/sites\/20\/2021\/04\/dsc-5478-160x160.jpg\" class=\"attachment-thumbnail size-thumbnail\" alt=\"\" loading=\"lazy\" aria-describedby=\"gallery-1-1083\" \/><\/a>\n\t\t\t<\/div>\n\t\t\t\t<figcaption class='wp-caption-text gallery-caption' id='gallery-1-1083'>\n\t\t\t\tAntonina Krzyszto\u0144 z zespo\u0142em \n\t\t\t\t<\/figcaption><\/figure><figure class='gallery-item'>\n\t\t\t<div class='gallery-icon portrait'>\n\t\t\t\t<a href='http:\/\/archiwum.festiwale.zakopane.pl\/festiwal-koled-2020\/x-festiwal\/dsc-5530\/'><img width=\"160\" height=\"160\" src=\"http:\/\/archiwum.festiwale.zakopane.pl\/festiwal-koled-2020\/wp-content\/uploads\/sites\/20\/2021\/04\/dsc-5530-160x160.jpg\" class=\"attachment-thumbnail size-thumbnail\" alt=\"\" loading=\"lazy\" aria-describedby=\"gallery-1-1084\" \/><\/a>\n\t\t\t<\/div>\n\t\t\t\t<figcaption class='wp-caption-text gallery-caption' id='gallery-1-1084'>\n\t\t\t\tJubileuszowy Fesiwal \n\t\t\t\t<\/figcaption><\/figure><figure class='gallery-item'>\n\t\t\t<div class='gallery-icon portrait'>\n\t\t\t\t<a href='http:\/\/archiwum.festiwale.zakopane.pl\/festiwal-koled-2020\/x-festiwal\/plakat\/'><img width=\"160\" height=\"160\" src=\"http:\/\/archiwum.festiwale.zakopane.pl\/festiwal-koled-2020\/wp-content\/uploads\/sites\/20\/2021\/04\/plakat-160x160.jpg\" class=\"attachment-thumbnail size-thumbnail\" alt=\"\" loading=\"lazy\" aria-describedby=\"gallery-1-1085\" \/><\/a>\n\t\t\t<\/div>\n\t\t\t\t<figcaption class='wp-caption-text gallery-caption' id='gallery-1-1085'>\n\t\t\t\tJubileuszowy Festiwal \n\t\t\t\t<\/figcaption><\/figure>\n\t\t<\/div>\n\n<p>&nbsp;<\/p>\n","protected":false},"excerpt":{"rendered":"<p>X Festiwal Kol\u0119d, Pastora\u0142ek i Pie\u015bni Bo\u017conarodzeniowych \u201eDobrze ze\u015b si\u0119 Jezu pod Giewontem zrodziy\u0142\u2026\u201d \u00a0 [&hellip;]<\/p>\n","protected":false},"author":2,"featured_media":152,"parent":0,"menu_order":0,"comment_status":"closed","ping_status":"closed","template":"","meta":[],"acf":[],"_links":{"self":[{"href":"http:\/\/archiwum.festiwale.zakopane.pl\/festiwal-koled-2020\/wp-json\/wp\/v2\/pages\/1049"}],"collection":[{"href":"http:\/\/archiwum.festiwale.zakopane.pl\/festiwal-koled-2020\/wp-json\/wp\/v2\/pages"}],"about":[{"href":"http:\/\/archiwum.festiwale.zakopane.pl\/festiwal-koled-2020\/wp-json\/wp\/v2\/types\/page"}],"author":[{"embeddable":true,"href":"http:\/\/archiwum.festiwale.zakopane.pl\/festiwal-koled-2020\/wp-json\/wp\/v2\/users\/2"}],"replies":[{"embeddable":true,"href":"http:\/\/archiwum.festiwale.zakopane.pl\/festiwal-koled-2020\/wp-json\/wp\/v2\/comments?post=1049"}],"version-history":[{"count":6,"href":"http:\/\/archiwum.festiwale.zakopane.pl\/festiwal-koled-2020\/wp-json\/wp\/v2\/pages\/1049\/revisions"}],"predecessor-version":[{"id":1101,"href":"http:\/\/archiwum.festiwale.zakopane.pl\/festiwal-koled-2020\/wp-json\/wp\/v2\/pages\/1049\/revisions\/1101"}],"wp:featuredmedia":[{"embeddable":true,"href":"http:\/\/archiwum.festiwale.zakopane.pl\/festiwal-koled-2020\/wp-json\/wp\/v2\/media\/152"}],"wp:attachment":[{"href":"http:\/\/archiwum.festiwale.zakopane.pl\/festiwal-koled-2020\/wp-json\/wp\/v2\/media?parent=1049"}],"curies":[{"name":"wp","href":"https:\/\/api.w.org\/{rel}","templated":true}]}}