{"id":636,"date":"2020-12-08T07:49:21","date_gmt":"2020-12-08T06:49:21","guid":{"rendered":"https:\/\/festiwale.zakopane.pl\/festiwal-koled-2020\/?post_type=artysci&#038;p=636"},"modified":"2020-12-08T07:49:21","modified_gmt":"2020-12-08T06:49:21","slug":"harni","status":"publish","type":"artysci","link":"http:\/\/archiwum.festiwale.zakopane.pl\/festiwal-koled-2020\/artysci\/harni\/","title":{"rendered":"Harni"},"content":{"rendered":"<p>Zesp\u00f3\u0142 Harni to grupa przyjaci\u00f3\u0142, kt\u00f3rzy w 2005 roku rozpocz\u0119li swoj\u0105 muzyczn\u0105 przygod\u0119 od pracy nad opraw\u0105 Triduum Paschalnego podczas \u015awi\u0105t Wielkiej Nocy. Pocz\u0105tkowo zesp\u00f3\u0142 liczy\u0142 kilka os\u00f3b, ale z czasem do grupy do\u0142\u0105cza\u0142y nowe \u015bpiewaczki i nowi muzycy. Ka\u017cdy z nich wnosi\u0142 do zespo\u0142u swoje pomys\u0142y i nowe inspiracje, wiec dotychczasowy repertuar, sk\u0142adaj\u0105cy si\u0119 g\u0142\u00f3wnie z pie\u015bni ch\u00f3ralnych i nut g\u00f3ralskich, ubogacony zosta\u0142 melodiami ludowymi z r\u00f3\u017cnych stron Karpat. Latem 2016 roku Harni wzi\u0119li udzia\u0142 w Polsko- S\u0142owackim projekcie, nagrali karpack\u0105 wersj\u0119 Hymnu z okazji \u015awiatowych Dni M\u0142odzie\u017cy,\u00a0 a zim\u0105 2016 roku, w efekcie wsp\u00f3\u0142pracy z Urz\u0119dem Miasta Zakopane i przy finansowym wsparciu Burmistrza Miasta Zakopane, Harni nagrali muzyk\u0119 i teledysk do \u201eKolyndy Juhaskiej\u201d.<\/p>\n<p>Sk\u0142ad instrumentalny zespo\u0142u to: skrzypce, alt\u00f3wka, akordeon, cymba\u0142y w\u0119gierskie i kontrabas, ale podczas koncert\u00f3w Harni si\u0119gaj\u0105 tak\u017ce po oryginalne instrumenty g\u00f3ralskie, takie jak: r\u00f3\u017cnego rodzaju pasterskie piszcza\u0142ki, basy podhala\u0144skie.<\/p>\n<p>Harnych mo\u017cna zobaczy\u0107 i pos\u0142ucha\u0107 podczas r\u00f3\u017cnych imprez kulturalnych na terenie Podhala. Zesp\u00f3\u0142 swoj\u0105 muzyk\u0105 stara si\u0119 piel\u0119gnowa\u0107 rodzim\u0105 tradycj\u0119, czerpi\u0105c inspiracje z muzyki ca\u0142ego \u0141uku Karpat.<\/p>\n<p>&nbsp;<\/p>\n<p>Sk\u0142ad zespo\u0142u<\/p>\n<p>\u015apiew:<\/p>\n<p>Andrzej Ga\u0142, Barbara Polak, Bo\u017cena Skupie\u0144 Rabian, Dorota Trebunia, Ewelina Rzadkosz, Anna Chowaniec, Honorata Nowobilska, Karolina \u0141acek, Katarzyna \u0141ukaszczyk Skupie\u0144, Katarzyna Polak, Klaudia Chyc, Klementyna Hyc, Lucyna Stasik, \u0141ukasz Stasik, Maciej Dziubas, Maria Sieczka, Marzena Szaflarska, Paulina \u015awider, Teresa Gut-Siuty, Agnieszka \u015aliwi\u0144ska<\/p>\n<p>Muzyka:<\/p>\n<p>Zdzis\u0142aw Szymczyk, Rafa\u0142 Korabik, Marek Koncek, Jacek Molek, Andrzej Kalata, Ania Trebunia Tutka, Dorota Trebunia, Wojciech \u015aliwi\u0144ski<\/p>\n","protected":false},"featured_media":637,"template":"","acf":[],"_links":{"self":[{"href":"http:\/\/archiwum.festiwale.zakopane.pl\/festiwal-koled-2020\/wp-json\/wp\/v2\/artysci\/636"}],"collection":[{"href":"http:\/\/archiwum.festiwale.zakopane.pl\/festiwal-koled-2020\/wp-json\/wp\/v2\/artysci"}],"about":[{"href":"http:\/\/archiwum.festiwale.zakopane.pl\/festiwal-koled-2020\/wp-json\/wp\/v2\/types\/artysci"}],"wp:featuredmedia":[{"embeddable":true,"href":"http:\/\/archiwum.festiwale.zakopane.pl\/festiwal-koled-2020\/wp-json\/wp\/v2\/media\/637"}],"wp:attachment":[{"href":"http:\/\/archiwum.festiwale.zakopane.pl\/festiwal-koled-2020\/wp-json\/wp\/v2\/media?parent=636"}],"curies":[{"name":"wp","href":"https:\/\/api.w.org\/{rel}","templated":true}]}}