{"id":633,"date":"2020-12-08T07:46:33","date_gmt":"2020-12-08T06:46:33","guid":{"rendered":"https:\/\/festiwale.zakopane.pl\/festiwal-koled-2020\/?post_type=artysci&#038;p=633"},"modified":"2020-12-08T07:46:33","modified_gmt":"2020-12-08T06:46:33","slug":"kapela-hanki-wojciak","status":"publish","type":"artysci","link":"http:\/\/archiwum.festiwale.zakopane.pl\/festiwal-koled-2020\/artysci\/kapela-hanki-wojciak\/","title":{"rendered":"Kapela Hanki W\u00f3jciak"},"content":{"rendered":"<p>Kapela Hanki W\u00f3jciak &#8211; zesp\u00f3\u0142 powsta\u0142y w Krakowie, graj\u0105cy muzyk\u0119 z pogranicza world music i folku, za\u0142o\u017cony przez wokalistk\u0119 i autork\u0119 piosenek &#8211; Hank\u0119 W\u00f3jciak rodem z Zakopanego.<br \/>\nW muzyce zespo\u0142u s\u0142ycha\u0107 echa muzyki orientalnej i celtyckiej, polskie motywy ludowe, po\u0142amane rytmy, wokaln\u0105 improwizacj\u0119 w rejestrze gwizdkowym. Prostota i powtarzalno\u015b\u0107 motyw\u00f3w przeplata si\u0119 tutaj z improwizacj\u0105, spok\u00f3j z dziko\u015bci\u0105, rado\u015b\u0107 ze smutkiem. To muzyka w swym za\u0142o\u017ceniu bliska ziemi, ludyczna, taneczna i transowa zarazem. Teksty Hanki W\u00f3jciak opisuj\u0105 wsp\u00f3\u0142czesny \u015bwiat, ale zawarte w nich archaizmy, s\u0142owa zaczerpni\u0119te<br \/>\nz g\u00f3ralskiej gwary przydaj\u0105 piosenkom ba\u015bniowo\u015bci i ludowo\u015bci. Zesp\u00f3\u0142 nagra\u0142 dwie autorskie p\u0142yty: Znachorka (2014) oraz Zas\u0142ona (2017). Opr\u00f3cz w\u0142asnych utwor\u00f3w zesp\u00f3\u0142 ma w repertuarze kol\u0119dy i pastora\u0142ki zaaran\u017cowane na etniczn\u0105 nut\u0119. \u201ePiosenki Hanki to niemal\u017ce doskona\u0142e po\u0142\u0105czenie warstw, kt\u00f3re jak\u017ce rzadko dzi\u015b id\u0105 w parze. Ciekawa barwa g\u0142osu, ogromna liryczno\u015b\u0107 interpretacji, muzykalno\u015b\u0107 aran\u017cacji, a nade wszystko \u2013 niepospolita poetycko\u015b\u0107 tekst\u00f3w.\u201d Witold Bere\u015b \/ Polska Ma Sens<\/p>\n<p>Sk\u0142ad Kapeli:<br \/>\nHanka W\u00f3jciak &#8211; \u015bpiew<br \/>\nJacek D\u0142ugosz &#8211; gitara<br \/>\nTomek Czaderski &#8211; instrumenty perkusyjne<br \/>\nMateusz Frankiewicz &#8211; kontrabas<br \/>\nTomek Pawlak &#8211; skrzypce<br \/>\nJakub Piechnik &#8211; mandola<\/p>\n","protected":false},"featured_media":634,"template":"","acf":[],"_links":{"self":[{"href":"http:\/\/archiwum.festiwale.zakopane.pl\/festiwal-koled-2020\/wp-json\/wp\/v2\/artysci\/633"}],"collection":[{"href":"http:\/\/archiwum.festiwale.zakopane.pl\/festiwal-koled-2020\/wp-json\/wp\/v2\/artysci"}],"about":[{"href":"http:\/\/archiwum.festiwale.zakopane.pl\/festiwal-koled-2020\/wp-json\/wp\/v2\/types\/artysci"}],"wp:featuredmedia":[{"embeddable":true,"href":"http:\/\/archiwum.festiwale.zakopane.pl\/festiwal-koled-2020\/wp-json\/wp\/v2\/media\/634"}],"wp:attachment":[{"href":"http:\/\/archiwum.festiwale.zakopane.pl\/festiwal-koled-2020\/wp-json\/wp\/v2\/media?parent=633"}],"curies":[{"name":"wp","href":"https:\/\/api.w.org\/{rel}","templated":true}]}}