{"id":937,"date":"2021-07-14T10:00:29","date_gmt":"2021-07-14T08:00:29","guid":{"rendered":"https:\/\/festiwale.zakopane.pl\/festiwal-folkloru\/?page_id=937"},"modified":"2021-07-22T13:51:05","modified_gmt":"2021-07-22T11:51:05","slug":"rzezba","status":"publish","type":"page","link":"http:\/\/archiwum.festiwale.zakopane.pl\/festiwal-folkloru\/rzezba\/","title":{"rendered":"Rze\u017aba"},"content":{"rendered":"<div class=\"\" dir=\"auto\">\n<div id=\"jsc_c_23\" class=\"ecm0bbzt hv4rvrfc ihqw7lf3 dati1w0a\" data-ad-comet-preview=\"message\" data-ad-preview=\"message\">\n<div class=\"j83agx80 cbu4d94t ew0dbk1b irj2b8pg\">\n<div class=\"qzhwtbm6 knvmm38d\">\n<div class=\"kvgmc6g5 cxmmr5t8 oygrvhab hcukyx3x c1et5uql ii04i59q\">\n<div dir=\"auto\">Przedstawiamy sylwetki Tw\u00f3rc\u00f3w Ludowych, rze\u017abiarzy:<\/div>\n<div dir=\"auto\"><\/div>\n<\/div>\n<div class=\"o9v6fnle cxmmr5t8 oygrvhab hcukyx3x c1et5uql ii04i59q\">\n<div dir=\"auto\"><strong>Marek i Beata Piwo\u0144scy<\/strong> &#8211; na tegorocznym kiermaszu sztuki podczas MFFZG zaprezentuj\u0105 swoje prace wyrze\u017abione w 123-letnim modrzewie z po\u017caru dachu katedry w Sosnowcu. B\u0119d\u0105 to domki, architektura g\u00f3ralska, anio\u0142y, serca, krzy\u017cyk, ozdoby na choink\u0119 i inne motywy sakralne. W korze czarnej topoli natomiast twarze g\u00f3rali, skrzaty, weso\u0142e dziadki i inne nasze autorskie prace.<\/div>\n<\/div>\n<div class=\"o9v6fnle cxmmr5t8 oygrvhab hcukyx3x c1et5uql ii04i59q\">\n<div dir=\"auto\">W\u0142adys\u0142aw \u0141ukaszczyk Mulorz \u2013 po ojcu Stanis\u0142awie przej\u0105\u0142 warsztat stolarsko-rze\u017abiarski. Poszukiwa\u0142 w\u0142asnego stylu. Rze\u017abi\u0142 \u015bwi\u0105tki, p\u00f3\u017aniej zaj\u0105\u0142 si\u0119 p\u0142askorze\u017ab\u0105. Opr\u00f3cz temat\u00f3w sakralnych pojawiaj\u0105 si\u0119 sceny rodzajowe z \u017cycia g\u00f3rali, zb\u00f3jnicy, pasterze, praca na gospodarstwie.<\/div>\n<\/div>\n<div class=\"o9v6fnle cxmmr5t8 oygrvhab hcukyx3x c1et5uql ii04i59q\">\n<div dir=\"auto\"><\/div>\n<\/div>\n<div class=\"o9v6fnle cxmmr5t8 oygrvhab hcukyx3x c1et5uql ii04i59q\">\n<div dir=\"auto\"><strong>J\u00f3zef Lasik<\/strong> \u2013 do rze\u017abienia ci\u0105gn\u0119\u0142o go od dziecka. Rze\u017abi, mi\u0119dzy innymi, ruchome zabawki, klepaki i stukacze, tradycyjne koniki i bo\u017conarodzeniowe szopki. W jego tw\u00f3rczo\u015bci pojawiaj\u0105 si\u0119 te\u017c rze\u017aby sakralne. W swoich pracach zachowuje tradycyjn\u0105 kolorystyk\u0119. W ponad stuletniej chacie w Stryszawie ma izb\u0119 tw\u00f3rcz\u0105 po\u0142\u0105czon\u0105 z pracowni\u0105.<\/div>\n<\/div>\n<div class=\"o9v6fnle cxmmr5t8 oygrvhab hcukyx3x c1et5uql ii04i59q\">\n<div dir=\"auto\"><\/div>\n<\/div>\n<div class=\"o9v6fnle cxmmr5t8 oygrvhab hcukyx3x c1et5uql ii04i59q\">\n<div dir=\"auto\"><strong>Czes\u0142aw Kubik<\/strong> \u2013 pochodzi z Bestwiny, ale od lat mieszka i pracuje w Czechowicach- Dziedzicach. Swoj\u0105 przygod\u0119 z rze\u017abieniem zacz\u0105\u0142 na emeryturze. Na pocz\u0105tku tworzy\u0142 koty, le\u015bne dziadki i bociany. Z czasem spod jego r\u0119ki zacz\u0119\u0142y wychodzi\u0107 \u015bwi\u0105tki, graj\u0105ce anio\u0142y, pastuszkowie z owcami, g\u00f3ralskie i \u017cydowskie orkiestry i p\u0142askorze\u017aby na kt\u00f3rych uwiecznia wiejskie prace i zwyczaje.<\/div>\n<\/div>\n<div class=\"o9v6fnle cxmmr5t8 oygrvhab hcukyx3x c1et5uql ii04i59q\">\n<div dir=\"auto\"><\/div>\n<\/div>\n<div class=\"o9v6fnle cxmmr5t8 oygrvhab hcukyx3x c1et5uql ii04i59q\">\n<div dir=\"auto\"><strong>Florian Walkosz<\/strong> \u2013 rze\u017abi\u0107 nauczy\u0142 si\u0119 od swojego ojca. Najpierw rze\u017abi\u0142 na podstawie otrzymanych wzor\u00f3w, a z biegiem czasu zacz\u0105\u0142 wprowadza\u0107 w\u0142asne pomys\u0142y. Lubi rze\u017abi\u0107 anio\u0142y i zwierz\u0119ta. Najch\u0119tniej tworzy owce, barany, jelenie, ptaki, \u0142osie, sowy i konie. Cz\u0119stym motywem s\u0105 te\u017c szopki bo\u017conarodzeniowe oraz ma\u0142e, przydomowe kapliczki.<\/div>\n<\/div>\n<div class=\"o9v6fnle cxmmr5t8 oygrvhab hcukyx3x c1et5uql ii04i59q\">\n<div dir=\"auto\"><\/div>\n<\/div>\n<div class=\"o9v6fnle cxmmr5t8 oygrvhab hcukyx3x c1et5uql ii04i59q\">\n<div dir=\"auto\"><strong>J\u00f3zef Szypu\u0142a<\/strong> \u2013 pochodzi ze \u015al\u0105ska Cieszy\u0144skiego, ale od lat mieszka w Czechowicach- Dziedzicach. Rze\u017abi ponad 30 lat, i inspiruje si\u0119 folklorem s\u0105siedniej \u017bywiecczyzny i \u015al\u0105skiem Cieszy\u0144skim. Rze\u017aby dotykaj\u0105 tematyki sakralnej, ludowej, a nawet kultury \u017cydowskiej. Inspiruj\u0105 go wystroje ko\u015bcio\u0142\u00f3w i przydro\u017cne kapliczki.<\/div>\n<\/div>\n<div class=\"o9v6fnle cxmmr5t8 oygrvhab hcukyx3x c1et5uql ii04i59q\">\n<div dir=\"auto\"><\/div>\n<\/div>\n<div class=\"o9v6fnle cxmmr5t8 oygrvhab hcukyx3x c1et5uql ii04i59q\">\n<div dir=\"auto\"><strong>Andrzej Ferenczak<\/strong> &#8211; urodzi\u0142 si\u0119 w Ko\u015bcielisku. Rze\u017abi i maluje ikony od ponad czterdziestu lat. Prowadzi zak\u0142ad rzemie\u015blniczy rze\u017abiarstwa w drewnie. Tworzy rze\u017aby figuralne, p\u0142askorze\u017aby, meble artystyczne, ikony oraz szopki. Techniki malowania ikon nauczy\u0142 si\u0119 sam. Najbardziej lubi tworzy\u0107 szopki, anio\u0142y. Artyst\u0119 inspiruje wszystko.<\/div>\n<\/div>\n<div class=\"o9v6fnle cxmmr5t8 oygrvhab hcukyx3x c1et5uql ii04i59q\">\n<div dir=\"auto\"><\/div>\n<\/div>\n<div class=\"o9v6fnle cxmmr5t8 oygrvhab hcukyx3x c1et5uql ii04i59q\">\n<div dir=\"auto\"><strong>Zdzis\u0142aw Koz\u0142owski<\/strong> \u2013 artysta tworzy od 40 lat. W Swinnie, gdzie mieszka ma swoj\u0105 pracowni\u0119 i Galeri\u0119. Specjalizuje si\u0119 w rze\u017abie sakralnej i ludowej. Tworzy g\u00f3rali, g\u00f3ralki oraz kapele g\u00f3ralskie. Rze\u017abi tak\u017ce Marie, Madonny, dzie\u0142a z wizerunkiem Chrystusa Frasobliwego i wszystkich \u015bwi\u0119tych. Uczy\u0142 dzieci rze\u017abiarstwa w szkole.<\/div>\n<\/div>\n<div class=\"o9v6fnle cxmmr5t8 oygrvhab hcukyx3x c1et5uql ii04i59q\">\n<div dir=\"auto\"><\/div>\n<\/div>\n<\/div>\n<\/div>\n<\/div>\n<\/div>\n","protected":false},"excerpt":{"rendered":"<p>Przedstawiamy sylwetki Tw\u00f3rc\u00f3w Ludowych, rze\u017abiarzy: Marek i Beata Piwo\u0144scy &#8211; na tegorocznym kiermaszu sztuki podczas [&hellip;]<\/p>\n","protected":false},"author":2,"featured_media":990,"parent":0,"menu_order":0,"comment_status":"closed","ping_status":"closed","template":"","meta":[],"acf":[],"_links":{"self":[{"href":"http:\/\/archiwum.festiwale.zakopane.pl\/festiwal-folkloru\/wp-json\/wp\/v2\/pages\/937"}],"collection":[{"href":"http:\/\/archiwum.festiwale.zakopane.pl\/festiwal-folkloru\/wp-json\/wp\/v2\/pages"}],"about":[{"href":"http:\/\/archiwum.festiwale.zakopane.pl\/festiwal-folkloru\/wp-json\/wp\/v2\/types\/page"}],"author":[{"embeddable":true,"href":"http:\/\/archiwum.festiwale.zakopane.pl\/festiwal-folkloru\/wp-json\/wp\/v2\/users\/2"}],"replies":[{"embeddable":true,"href":"http:\/\/archiwum.festiwale.zakopane.pl\/festiwal-folkloru\/wp-json\/wp\/v2\/comments?post=937"}],"version-history":[{"count":3,"href":"http:\/\/archiwum.festiwale.zakopane.pl\/festiwal-folkloru\/wp-json\/wp\/v2\/pages\/937\/revisions"}],"predecessor-version":[{"id":980,"href":"http:\/\/archiwum.festiwale.zakopane.pl\/festiwal-folkloru\/wp-json\/wp\/v2\/pages\/937\/revisions\/980"}],"wp:featuredmedia":[{"embeddable":true,"href":"http:\/\/archiwum.festiwale.zakopane.pl\/festiwal-folkloru\/wp-json\/wp\/v2\/media\/990"}],"wp:attachment":[{"href":"http:\/\/archiwum.festiwale.zakopane.pl\/festiwal-folkloru\/wp-json\/wp\/v2\/media?parent=937"}],"curies":[{"name":"wp","href":"https:\/\/api.w.org\/{rel}","templated":true}]}}