{"id":926,"date":"2021-07-14T09:56:22","date_gmt":"2021-07-14T07:56:22","guid":{"rendered":"https:\/\/festiwale.zakopane.pl\/festiwal-folkloru\/?page_id=926"},"modified":"2021-07-23T12:04:00","modified_gmt":"2021-07-23T10:04:00","slug":"haft-koronka-szydelkowanie","status":"publish","type":"page","link":"http:\/\/archiwum.festiwale.zakopane.pl\/festiwal-folkloru\/haft-koronka-szydelkowanie\/","title":{"rendered":"Haft, koronka, szyde\u0142kowanie"},"content":{"rendered":"<div class=\"o9v6fnle cxmmr5t8 oygrvhab hcukyx3x c1et5uql ii04i59q\">\n<div dir=\"auto\">Maria Kubik \u2013 pochodzi z Bestwiny, ale od lat mieszka z Czechowicach- Dziedzicach. Najwi\u0119ksz\u0105 przyjemno\u015b\u0107 artystce sprawia haft bia\u0142y, czyli angielski. Haftem wykonuje tak\u017ce obrazki z wizerunkiem Matki Boskiej i makatki. Swoje prace ozdabia najcz\u0119\u015bciej tradycyjnymi wzorami, g\u0142\u00f3wnie kwiatowymi.<\/div>\n<\/div>\n<div class=\"o9v6fnle cxmmr5t8 oygrvhab hcukyx3x c1et5uql ii04i59q\">\n<div dir=\"auto\"><\/div>\n<\/div>\n<div class=\"o9v6fnle cxmmr5t8 oygrvhab hcukyx3x c1et5uql ii04i59q\">\n<div dir=\"auto\">Dorota Opitz \u2013 pocz\u0105tkowo tka\u0142a gobeliny zgodnie z wzorami przekazywanymi przez artyst\u00f3w plastyk\u00f3w. Spod jej r\u0119ki wyszed\u0142, mi\u0119dzy innymi, gobelin z postaci\u0105 \u015bw. Jana Paw\u0142a II w Chocho\u0142owskiej , zaprojektowany przez Ew\u0119 Januszewsk\u0105. Obecnie sama projektuje wzory i wed\u0142ug nich, zabarwiona samodzielnie we\u0142n\u0105, tka gobeliny, poduszki ozdobne oraz torebki g\u00f3ralskie.<\/div>\n<\/div>\n<div class=\"o9v6fnle cxmmr5t8 oygrvhab hcukyx3x c1et5uql ii04i59q\">\n<div dir=\"auto\"><\/div>\n<\/div>\n<div class=\"o9v6fnle cxmmr5t8 oygrvhab hcukyx3x c1et5uql ii04i59q\">\n<div dir=\"auto\">Zuzanna Kubaszczyk \u2013 trudnej sztuki szyde\u0142kowania uczy\u0142a si\u0119 w domu. Czerpie pomys\u0142y z natury, lubi szyde\u0142kowa\u0107 motywy ro\u015blinne \u2013 li\u015bcie, kwiaty, owoce. Podstaw\u0105 tak wyrafinowanej koronki s\u0105 cieniutkie nici w kolorze bia\u0142ym lub ecru. Artystka robi tak\u017ce ko\u0142nierzyki, r\u0119kawiczki oraz r\u00f3\u017cne ozdoby.<\/div>\n<\/div>\n<div class=\"o9v6fnle cxmmr5t8 oygrvhab hcukyx3x c1et5uql ii04i59q\">\n<div dir=\"auto\"><\/div>\n<\/div>\n<div class=\"o9v6fnle cxmmr5t8 oygrvhab hcukyx3x c1et5uql ii04i59q\">\n<div dir=\"auto\">El\u017cbieta Lewicka \u2013 trudnej sztuki koronki uczy\u0142a si\u0119 od kole\u017canek, a nast\u0119pnie w Zespole R\u0119kodzie\u0142a Artystycznego Supe\u0142ek w Toruniu. Koronki wykonuje z nici bawe\u0142nianych, poliestrowych i metalizowanych. Powstaj\u0105 z nich serwetki, bie\u017cniki oraz bi\u017cuterii \u2013 naszyjniki, bransoletki i kolczyki.<\/div>\n<\/div>\n<div class=\"o9v6fnle cxmmr5t8 oygrvhab hcukyx3x c1et5uql ii04i59q\">\n<div dir=\"auto\"><\/div>\n<\/div>\n<div class=\"o9v6fnle cxmmr5t8 oygrvhab hcukyx3x c1et5uql ii04i59q\">\n<div dir=\"auto\">Lidia Dryja\u0144ska \u2013 ju\u017c w dzieci\u0144stwie zainteresowa\u0142a si\u0119 r\u0119kodzie\u0142em. Wyszywa\u0142a makatki, p\u00f3\u017aniej zaj\u0119\u0142a si\u0119 regionalnym haftem, dzierganiem na drutach, szyde\u0142kowanie, a\u017c wreszcie pozna\u0142a frywolitk\u0119. Toru\u0144ska artystka wykonuje koronkowe serwety, ale najbardziej lubi tworzy\u0107 frywolitkow\u0105 bi\u017cuterii, mi\u0119dzy innymi naszyjniki i bransoletki.<\/div>\n<\/div>\n<div class=\"o9v6fnle cxmmr5t8 oygrvhab hcukyx3x c1et5uql ii04i59q\">\n<div dir=\"auto\"><\/div>\n<\/div>\n<div class=\"o9v6fnle cxmmr5t8 oygrvhab hcukyx3x c1et5uql ii04i59q\">\n<div dir=\"auto\">Maria i Ewa Pyci\u0144ska \u2013 mieszkank\u0105 Zakopanego Pani Maria jest od 1961 r. Pocz\u0105tkowo koronkarstwa uczy\u0142a si\u0119 sama i jednocze\u015bnie ucz\u0119szcza\u0142a na kursy. Wypracowa\u0142a technik\u0119 dzi\u0119ki kt\u00f3rej powstaj\u0105 ozdoby choinkowe, dekoracyjne wstawki, ale przede wszystkim serwety. Swoje umiej\u0119tno\u015bci przekaza\u0142a c\u00f3rce Ewie i we dwie tworz\u0105 i prezentuj\u0105 swoje wyroby.<\/div>\n<\/div>\n<div class=\"o9v6fnle cxmmr5t8 oygrvhab hcukyx3x c1et5uql ii04i59q\">\n<div dir=\"auto\"><\/div>\n<\/div>\n<div class=\"o9v6fnle cxmmr5t8 oygrvhab hcukyx3x c1et5uql ii04i59q\">\n<div dir=\"auto\">Katarzyna Mrowiec \u2013 specjalizuje si\u0119 w koronce koniakowskiej, ale ostatnio najwi\u0119cej czasu sp\u0119dza przy wykonywaniu zabawek, wykorzystuj\u0105c w nich koronkowe elementy. Robi tez ozdoby bo\u017conarodzeniowe i wielkanocne. Zajmuje si\u0119 te\u017c haftem \u017cywieckim na tiulu.<\/div>\n<\/div>\n<div class=\"o9v6fnle cxmmr5t8 oygrvhab hcukyx3x c1et5uql ii04i59q\">\n<div dir=\"auto\"><\/div>\n<\/div>\n<div class=\"o9v6fnle cxmmr5t8 oygrvhab hcukyx3x c1et5uql ii04i59q\">\n<div dir=\"auto\">Teresa Pryzmont \u2013 z krosnem zwi\u0105zana jest od dzieci\u0144stwa, a tkaniem zajmuje si\u0119 od ponad czterdziestu lat. Wrodzone poczucie pi\u0119kna, umiej\u0119tno\u015b\u0107 \u0142\u0105czenia kolor\u00f3w i komponowania wzor\u00f3w po\u0142\u0105czone z wieloletnim do\u015bwiadczeniem i zami\u0142owaniem do tw\u00f3rczej pracy sprawi\u0142y, \u017ce prace artystki wyr\u00f3\u017cniaj\u0105 si\u0119 niespotykanymi walorami artystycznymi, kolorystyk\u0105 i ormamentyk\u0105.<\/div>\n<\/div>\n<div class=\"o9v6fnle cxmmr5t8 oygrvhab hcukyx3x c1et5uql ii04i59q\">\n<div dir=\"auto\"><\/div>\n<\/div>\n<div class=\"o9v6fnle cxmmr5t8 oygrvhab hcukyx3x c1et5uql ii04i59q\">\n<div dir=\"auto\">Gabriela Rzepka \u2013 koronki i hafty to tradycja regionu opoczy\u0144skiego. Specjalizuje si\u0119 w koronkach wykonywanych szyde\u0142kiem i haftach krzy\u017cowych. Wyszywa te\u017c makatki. W wolnych chwilach wykonuje koronki. Potrafi te\u017c zrobi\u0107 ozdoby z bibu\u0142ki.<\/div>\n<\/div>\n<div class=\"o9v6fnle cxmmr5t8 oygrvhab hcukyx3x c1et5uql ii04i59q\">\n<div dir=\"auto\"><\/div>\n<\/div>\n<div class=\"o9v6fnle cxmmr5t8 oygrvhab hcukyx3x c1et5uql ii04i59q\">\n<div dir=\"auto\">Maria Sikorska \u2013 wykonuje serwety, obrusy, bie\u017cniki, ko\u0142nierze, mankiety, wstawki do bielizny. Przy ich tworzeniu cz\u0119sto korzysta ze starego przedwojennego wzornictwa. Artystka projektuje te\u017c swoje wzory i tworzy ozdoby choinkowe i wielkanocne oraz inne dekoracje.<\/div>\n<\/div>\n<div class=\"o9v6fnle cxmmr5t8 oygrvhab hcukyx3x c1et5uql ii04i59q\">\n<div dir=\"auto\"><\/div>\n<\/div>\n<div class=\"o9v6fnle cxmmr5t8 oygrvhab hcukyx3x c1et5uql ii04i59q\">\n<div dir=\"auto\">Irena Sapiejka &#8211; od pokole\u0144 zwi\u0105zana ze sztuka ludow\u0105. Specjalizuje si\u0119 g\u0142\u00f3wnie w koronce szyde\u0142kowej oraz hafcie sieradzkim. Wykonuje kryzy do stroj\u00f3w ludowych, wstawki koronkowe do po\u015bcieli, poduszki, fartuchy, a tak\u017ce obrusy, bie\u017cniki, bluzki, ko\u0142nierzyki, poncza, ozdoby wielkanocne i bo\u017conarodzeniowe oraz bi\u017cuteri\u0119.<\/div>\n<\/div>\n<div class=\"o9v6fnle cxmmr5t8 oygrvhab hcukyx3x c1et5uql ii04i59q\">\n<div dir=\"auto\"><\/div>\n<\/div>\n<div class=\"o9v6fnle cxmmr5t8 oygrvhab hcukyx3x c1et5uql ii04i59q\">\n<div dir=\"auto\">Teresa Janakowska &#8211; od m\u0142odych lat szlifowa\u0142a swoje umiej\u0119tno\u015bci w dziedzinie haftu. Haftuje na p\u0142\u00f3tnie bia\u0142ym, szarym i lnie. Wykorzystuje g\u0142\u00f3wnie technik\u0119 haftu bia\u0142ego, ale te\u017c kolorowego. Laureatka licznych nagr\u00f3d i wyr\u00f3\u017cnie\u0144.<\/div>\n<\/div>\n<div class=\"o9v6fnle cxmmr5t8 oygrvhab hcukyx3x c1et5uql ii04i59q\">\n<div dir=\"auto\"><\/div>\n<\/div>\n<div class=\"o9v6fnle cxmmr5t8 oygrvhab hcukyx3x c1et5uql ii04i59q\">\n<div dir=\"auto\">Maria Stosik \u2013 specjalizuje si\u0119 w hafcie kaszubskim. Haftu artystka uczy\u0142a si\u0119 od dzieci\u0144stwa od cioci i mamy. Uczestniczy w licznych konkursach, organizowa\u0142a tak\u017ce wystawy swoich prac. Ponad to uczy\u0142a sztuki haftu dzieci w szkole.<\/div>\n<\/div>\n<div class=\"o9v6fnle cxmmr5t8 oygrvhab hcukyx3x c1et5uql ii04i59q\">\n<div dir=\"auto\"><\/div>\n<\/div>\n","protected":false},"excerpt":{"rendered":"<p>Maria Kubik \u2013 pochodzi z Bestwiny, ale od lat mieszka z Czechowicach- Dziedzicach. Najwi\u0119ksz\u0105 przyjemno\u015b\u0107 [&hellip;]<\/p>\n","protected":false},"author":2,"featured_media":878,"parent":0,"menu_order":0,"comment_status":"closed","ping_status":"closed","template":"","meta":[],"acf":[],"_links":{"self":[{"href":"http:\/\/archiwum.festiwale.zakopane.pl\/festiwal-folkloru\/wp-json\/wp\/v2\/pages\/926"}],"collection":[{"href":"http:\/\/archiwum.festiwale.zakopane.pl\/festiwal-folkloru\/wp-json\/wp\/v2\/pages"}],"about":[{"href":"http:\/\/archiwum.festiwale.zakopane.pl\/festiwal-folkloru\/wp-json\/wp\/v2\/types\/page"}],"author":[{"embeddable":true,"href":"http:\/\/archiwum.festiwale.zakopane.pl\/festiwal-folkloru\/wp-json\/wp\/v2\/users\/2"}],"replies":[{"embeddable":true,"href":"http:\/\/archiwum.festiwale.zakopane.pl\/festiwal-folkloru\/wp-json\/wp\/v2\/comments?post=926"}],"version-history":[{"count":3,"href":"http:\/\/archiwum.festiwale.zakopane.pl\/festiwal-folkloru\/wp-json\/wp\/v2\/pages\/926\/revisions"}],"predecessor-version":[{"id":995,"href":"http:\/\/archiwum.festiwale.zakopane.pl\/festiwal-folkloru\/wp-json\/wp\/v2\/pages\/926\/revisions\/995"}],"wp:featuredmedia":[{"embeddable":true,"href":"http:\/\/archiwum.festiwale.zakopane.pl\/festiwal-folkloru\/wp-json\/wp\/v2\/media\/878"}],"wp:attachment":[{"href":"http:\/\/archiwum.festiwale.zakopane.pl\/festiwal-folkloru\/wp-json\/wp\/v2\/media?parent=926"}],"curies":[{"name":"wp","href":"https:\/\/api.w.org\/{rel}","templated":true}]}}