{"id":78,"date":"2019-12-11T11:10:12","date_gmt":"2019-12-11T10:10:12","guid":{"rendered":"https:\/\/festiwale.zakopane.pl\/festiwal-koled\/?page_id=78"},"modified":"2021-08-07T06:54:43","modified_gmt":"2021-08-07T04:54:43","slug":"deklaracja-dostepnosci","status":"publish","type":"page","link":"http:\/\/archiwum.festiwale.zakopane.pl\/festiwal-folkloru\/deklaracja-dostepnosci\/","title":{"rendered":"Deklaracja dost\u0119pno\u015bci"},"content":{"rendered":"<p class=\"p1\"><b>Deklaracja dost\u0119pno\u015bci Zakopia\u0144skie Centrum Kultury<\/b><\/p>\n<p class=\"p3\">Zakopia\u0144skie Centrum Kultury zobowi\u0105zuje si\u0119 zapewni\u0107 dost\u0119pno\u015b\u0107 swojej strony internetowej zgodnie z przepisami ustawy z dnia 4 kwietnia 2019\u00a0r. o\u00a0dost\u0119pno\u015bci cyfrowej stron internetowych i\u00a0aplikacji mobilnych podmiot\u00f3w publicznych. O\u015bwiadczenie w sprawie dost\u0119pno\u015bci ma zastosowanie do strony internetowej Miejskiej Galerii Sztuki (<a href=\"http:\/\/galeria.zakopane.pl\"><span class=\"s1\">http:\/\/galeria.zakopane.pl<\/span><\/a>) i strony Festiwale.zakopane.pl (<a href=\"http:\/\/archiwum.festiwale.zakopane.pl\"><span class=\"s1\">http:\/\/archiwum.festiwale.zakopane.pl<\/span><\/a>).<\/p>\n<p class=\"p3\"><b>Festiwale.zakopane.pl (<\/b><a href=\"http:\/\/archiwum.festiwale.zakopane.pl\"><span class=\"s1\"><b>http:\/\/archiwum.festiwale.zakopane.pl<\/b><\/span><\/a><b>) <\/b><\/p>\n<ul class=\"ul1\">\n<li class=\"li6\"><span class=\"s3\">Data publikacji strony internetowej:\u00a030.11.2019 r. <\/span><\/li>\n<li class=\"li6\"><span class=\"s3\">Data ostatniej istotnej aktualizacji: 30.11.2019 r.<\/span><\/li>\n<\/ul>\n<p class=\"p7\">Status pod wzgl\u0119dem zgodno\u015bci z ustaw\u0105<\/p>\n<p class=\"p3\">Strona internetowa jest\u00a0<b>cz\u0119\u015bciowo zgodna<\/b>\u00a0z\u00a0ustaw\u0105 o\u00a0dost\u0119pno\u015bci cyfrowej stron internetowych i\u00a0aplikacji mobilnych podmiot\u00f3w publicznych z\u00a0powodu niezgodno\u015bci lub wy\u0142\u0105cze\u0144 wymienionych poni\u017cej.<\/p>\n<p class=\"p8\"><b>Ocena dost\u0119pno\u015bci cyfrowej <\/b><\/p>\n<p class=\"p10\"><b>NAWIGACJA<\/b><\/p>\n<ul class=\"ul1\">\n<li class=\"li11\">Kryterium 2.4.7<\/li>\n<\/ul>\n<p class=\"p11\">Czy wida\u0107, kt\u00f3ry element jest aktywny przy nawigacji klawiatur\u0105?<\/p>\n<p class=\"p11\">POZYTYWNA<\/p>\n<ul class=\"ul1\">\n<li class=\"li11\">Kryterium 2.1.1<\/li>\n<\/ul>\n<p class=\"p11\">Czy wszystkie elementy aktywne w serwisie s\u0105 dost\u0119pne za pomoc\u0105 klawiatury?<\/p>\n<p class=\"p11\">POZYTYWNA<\/p>\n<ul class=\"ul1\">\n<li class=\"li11\">Kryterium 2.1.1<\/li>\n<\/ul>\n<p class=\"p11\">Czy przy odtwarzaczu multimedi\u00f3w niedost\u0119pnym za pomoc\u0105 klawiatury jest tekstowa alternatywa multimedi\u00f3w?<\/p>\n<p class=\"p11\">NIE DOTYCZY<\/p>\n<ul class=\"ul1\">\n<li class=\"li11\">Kryterium 2.2.1<\/li>\n<\/ul>\n<p class=\"p11\">Czy jest na stronie pu\u0142apka klawiaturowa?<\/p>\n<p class=\"p11\">NEGATYWNA<\/p>\n<ul class=\"ul1\">\n<li class=\"li11\">Kryterium 2.4.4<\/li>\n<\/ul>\n<p class=\"p11\">Czy jest ostrze\u017cenie przed otwarciem nowego okna\/zak\u0142adki w przegl\u0105darce?<\/p>\n<p class=\"p11\">NEGATYWNA<\/p>\n<ul class=\"ul1\">\n<li class=\"li11\">Kryterium 2.4.5<\/li>\n<\/ul>\n<p class=\"p11\">Czy na stronie jest mapa strony lub wyszukiwarka?<\/p>\n<p class=\"p11\">POZYTYWNA<\/p>\n<ul class=\"ul1\">\n<li class=\"li11\">Kryterium 2.4.5<span class=\"s5\">\/<\/span>Kryterium 3.2.3<\/li>\n<\/ul>\n<p class=\"p11\">Czy wygl\u0105d i dzia\u0142anie menu jest takie same na wszystkich stronach?<\/p>\n<p class=\"p11\">POZYTYWNA<\/p>\n<ul class=\"ul1\">\n<li class=\"li11\">Kryterium 2.4.3<\/li>\n<\/ul>\n<p class=\"p11\">Czy nawigacja za pomoc\u0105 klawiatury jest logiczna i zgodna z wygl\u0105dem strony?<\/p>\n<p class=\"p11\">POZYTYWNA<\/p>\n<p class=\"p11\"><b>WYGL\u0104D<\/b><\/p>\n<ul class=\"ul1\">\n<li class=\"li11\">Kryterium 2.3.1<\/li>\n<\/ul>\n<p class=\"p11\">Czy s\u0105 elementy, kt\u00f3re szybko b\u0142yskaj\u0105 na czerwono lub gwa\u0142townie zmieniaj\u0105 jasno\u015b\u0107?<\/p>\n<p class=\"p11\">NEGATYWNA<\/p>\n<ul class=\"ul1\">\n<li class=\"li11\">Kryterium 1.4.4<\/li>\n<\/ul>\n<p class=\"p11\">Czy po powi\u0119kszeniu widoku strony do 200% wida\u0107 ca\u0142o\u015b\u0107 informacji ze strony?<\/p>\n<p class=\"p11\">POZYTYWNA<\/p>\n<ul class=\"ul1\">\n<li class=\"li11\">Kryterium 1.3.4<\/li>\n<\/ul>\n<p class=\"p11\">Czy z tre\u015bci strony mo\u017cna korzysta\u0107 bez wzgl\u0119du na orientacj\u0119 ekranu (pionowa\/pozioma)?<\/p>\n<p class=\"p11\">POZYTYWNA<\/p>\n<ul class=\"ul1\">\n<li class=\"li11\">Kryterium 1.3.1, 1.4.1<\/li>\n<\/ul>\n<p class=\"p11\">Czy na stronie jest informacja przekazywana jedynie za pomoc\u0105 koloru?<\/p>\n<p class=\"p11\">NEGATYWNA<\/p>\n<ul class=\"ul1\">\n<li class=\"li11\">Kryterium 1.4.1<\/li>\n<\/ul>\n<p class=\"p11\">Czy na stronie jest instrukcja odnosz\u0105ca si\u0119 do koloru elementu?<\/p>\n<p class=\"p11\">NEGATYWNA<\/p>\n<ul class=\"ul1\">\n<li class=\"li11\">Kryterium 1.3.3<\/li>\n<\/ul>\n<p class=\"p11\">Czy na stronie s\u0105 informacje przekazywane jedynie poprzez u\u017cycie pozycji lub formy?<\/p>\n<p class=\"p11\">NEGATYWNA<\/p>\n<p class=\"p11\"><b>TRE\u015aCI<\/b><\/p>\n<ul class=\"ul1\">\n<li class=\"li11\">Kryterium 1.4.2<\/li>\n<\/ul>\n<p class=\"p11\">Czy jest automatycznie uruchamiany d\u017awi\u0119k, kt\u00f3rego nie da si\u0119 zatrzyma\u0107?<\/p>\n<p class=\"p11\">NEGATYWNA<\/p>\n<ul class=\"ul1\">\n<li class=\"li11\">Kryterium 2.2.1<span class=\"s5\">\/<\/span>Kryterium 2.2.2<\/li>\n<\/ul>\n<p class=\"p11\">Czy s\u0105 migaj\u0105ce lub poruszaj\u0105ce si\u0119 elementy, kt\u00f3rych nie da si\u0119 zatrzyma\u0107?<\/p>\n<p class=\"p11\">NEGATYWNA<\/p>\n<ul class=\"ul1\">\n<li class=\"li11\">Kryterium 2.4.2<\/li>\n<\/ul>\n<p class=\"p11\">Czy s\u0105 tytu\u0142y stron i czy maj\u0105 poprawn\u0105 struktur\u0119?<\/p>\n<p class=\"p11\">POZYTYWNA<\/p>\n<ul class=\"ul1\">\n<li class=\"li11\">Kryterium 1.1.1<\/li>\n<\/ul>\n<p class=\"p11\">Czy z\u0142o\u017cony element graficzny ma poszerzony opis?<\/p>\n<p class=\"p11\">NIE DOTYCZY<\/p>\n<p class=\"p11\"><b>FORMULARZE<\/b><\/p>\n<ul class=\"ul1\">\n<li class=\"li11\">Kryterium 3.3.2<\/li>\n<\/ul>\n<p class=\"p11\">Czy obok p\u00f3l formularzy s\u0105 etykiety m\u00f3wi\u0105co jasno jakie dane wpisa\u0107 w te pola?<\/p>\n<p class=\"p11\">NIE DOTYCZY<\/p>\n<ul class=\"ul1\">\n<li class=\"li11\">Kryterium 3.3.1<\/li>\n<\/ul>\n<p class=\"p11\">Czy informacja o b\u0142\u0119dzie w formularzu jasno opisuje b\u0142\u0105d, jest dost\u0119pna i zrozumia\u0142a dla wszystkich u\u017cytkownik\u00f3w?<\/p>\n<p class=\"p11\">NIE DOTYCZY<\/p>\n<ul class=\"ul1\">\n<li class=\"li11\">Kryterium 3.3.3<\/li>\n<\/ul>\n<p class=\"p11\">Czy przy b\u0142\u0119dnie wype\u0142nionych polach pojawia si\u0119 podpowied\u017a jak poprawnie wpisa\u0107 w nie dane?<\/p>\n<p class=\"p11\">NIE DOTYCZY<\/p>\n<ul class=\"ul1\">\n<li class=\"li11\">Kryterium 3.3.4<\/li>\n<\/ul>\n<p class=\"p11\">Czy w formularzu, zwi\u0105zanym ze zobowi\u0105zaniami prawnymi lub finansowymi, mo\u017cna zweryfikowa\u0107 i\u00a0poprawi\u0107 dane przed ich wys\u0142aniem?<\/p>\n<p class=\"p11\">NIE DOTYCZY<\/p>\n<p class=\"p11\"><b>MULTIMEDIA<\/b><\/p>\n<ul class=\"ul1\">\n<li class=\"li11\">Kryterium 1.2.2<\/li>\n<\/ul>\n<p class=\"p13\">Czy film lub animacja zawieraj\u0105ce \u015bcie\u017ck\u0119 d\u017awi\u0119kow\u0105 maj\u0105 napisy dla os\u00f3b nies\u0142ysz\u0105cych?<\/p>\n<p class=\"p13\">POZYTYWNA<\/p>\n<ul class=\"ul1\">\n<li class=\"li11\">Kryterium 1.2.5<\/li>\n<\/ul>\n<p class=\"p13\">Czy filmy i animacje maj\u0105 audiodeskrypcj\u0119?<\/p>\n<p class=\"p13\">NEGATYWNA<\/p>\n<p class=\"p11\"><b>DOKUMENTY<\/b><\/p>\n<ul class=\"ul1\">\n<li class=\"li11\">Kryterium 2.4.4<\/li>\n<\/ul>\n<p class=\"p13\">Czy link do dokumentu do pobrania ma informacje o jego formacie, rozmiarze i j\u0119zyku?<\/p>\n<p class=\"p13\">NEGATYWNA<\/p>\n<p class=\"p3\">Przygotowanie deklaracji w sprawie dost\u0119pno\u015bci<\/p>\n<ul class=\"ul1\">\n<li class=\"li6\"><span class=\"s3\">Deklaracj\u0119 sporz\u0105dzono dnia:\u00a019.02.2021 r.<\/span><\/li>\n<li class=\"li6\"><span class=\"s3\">Deklaracj\u0119 zosta\u0142a ostatnio poddana przegl\u0105dowi i aktualizacji dnia: 19.02.2021 r.<\/span><\/li>\n<\/ul>\n<p class=\"p3\">Deklaracj\u0119 sporz\u0105dzono na podstawie samooceny.<\/p>\n<p class=\"p7\">Informacje zwrotne i dane kontaktowe<\/p>\n<ul class=\"ul1\">\n<li class=\"li6\"><span class=\"s3\">Za rozpatrywanie uwag i wniosk\u00f3w odpowiada:\u00a0Adam Zaleski<\/span><\/li>\n<li class=\"li6\"><span class=\"s3\">E-mail:\u00a0a.zaleski@zck.com.pl<\/span><\/li>\n<li class=\"li6\"><span class=\"s3\">Telefon:\u00a018 20 66\u00a0950<\/span><\/li>\n<\/ul>\n<p class=\"p3\">Ka\u017cdy ma prawo:<\/p>\n<ul class=\"ul1\">\n<li class=\"li6\"><span class=\"s3\">zg\u0142osi\u0107 uwagi dotycz\u0105ce dost\u0119pno\u015bci cyfrowej strony lub jej elementu,<\/span><\/li>\n<li class=\"li6\"><span class=\"s3\">zg\u0142osi\u0107 \u017c\u0105danie zapewnienia dost\u0119pno\u015bci cyfrowej strony lub jej elementu,<\/span><\/li>\n<li class=\"li6\"><span class=\"s3\">wnioskowa\u0107 o udost\u0119pnienie niedost\u0119pnej informacji w innej alternatywnej formie.<\/span><\/li>\n<\/ul>\n<p class=\"p3\">\u017b\u0105danie musi zawiera\u0107:<\/p>\n<ul class=\"ul1\">\n<li class=\"li6\"><span class=\"s3\">dane kontaktowe osoby zg\u0142aszaj\u0105cej,<\/span><\/li>\n<li class=\"li6\"><span class=\"s3\">wskazanie strony lub elementu strony, kt\u00f3rej dotyczy \u017c\u0105danie,<\/span><\/li>\n<li class=\"li6\"><span class=\"s3\">wskazanie dogodnej formy udost\u0119pnienia informacji, je\u015bli \u017c\u0105danie dotyczy udost\u0119pnienia w\u00a0formie alternatywnej informacji niedost\u0119pnej.<\/span><\/li>\n<\/ul>\n<p class=\"p3\">Rozpatrzenie zg\u0142oszenia powinno nast\u0105pi\u0107 niezw\u0142ocznie, najp\u00f3\u017aniej w ci\u0105gu 7 dni. Je\u015bli w tym terminie zapewnienie dost\u0119pno\u015bci albo zapewnienie dost\u0119pu w alternatywnej formie nie jest mo\u017cliwe, powinno nast\u0105pi\u0107 najdalej w ci\u0105gu 2 miesi\u0119cy od daty zg\u0142oszenia.<\/p>\n<p class=\"p3\"><b>Skargi i odwo\u0142ania<\/b><\/p>\n<p class=\"p15\">Uprzejmie informujemy, \u017ce zgodnie z ustaw\u0105 z dnia 4 kwietnia 2019 r. o dost\u0119pno\u015bci cyfrowej stron internetowych i aplikacji mobilnych podmiot\u00f3w publicznych Ka\u017cdy ma prawo do wyst\u0105pienia z\u00a0\u017c\u0105daniem zapewnienia dost\u0119pno\u015bci cyfrowej strony internetowej, aplikacji mobilnej lub jakiego\u015b ich elementu. Mo\u017cna tak\u017ce za\u017c\u0105da\u0107 udost\u0119pnienia informacji za pomoc\u0105 alternatywnego sposobu dost\u0119pu, na przyk\u0142ad przez odczytanie niedost\u0119pnego cyfrowo dokumentu, opisanie zawarto\u015bci filmu bez audiodeskrypcji itp. \u017b\u0105danie powinno zawiera\u0107 dane osoby zg\u0142aszaj\u0105cej \u017c\u0105danie, wskazanie, o\u00a0kt\u00f3r\u0105 stron\u0119 internetow\u0105 lub aplikacj\u0119 mobiln\u0105 chodzi oraz spos\u00f3b kontaktu. Je\u017celi osoba \u017c\u0105daj\u0105ca zg\u0142asza potrzeb\u0119 otrzymania informacji za pomoc\u0105 alternatywnego sposobu dost\u0119pu, powinna tak\u017ce okre\u015bli\u0107 dogodny dla niej spos\u00f3b przedstawienia tej informacji. Podmiot publiczny powinien zrealizowa\u0107 \u017c\u0105danie niezw\u0142ocznie, nie p\u00f3\u017aniej ni\u017c w ci\u0105gu 7 dni od dnia wyst\u0105pienia z \u017c\u0105daniem. Je\u017celi dotrzymanie tego terminu nie jest mo\u017cliwe, podmiot publiczny niezw\u0142ocznie informuje o tym wnosz\u0105cego \u017c\u0105danie, kiedy realizacja \u017c\u0105dania b\u0119dzie mo\u017cliwa, przy czym termin ten nie mo\u017ce by\u0107 d\u0142u\u017cszy ni\u017c 2 miesi\u0105ce od dnia wyst\u0105pienia z \u017c\u0105daniem. Je\u017celi zapewnienie dost\u0119pno\u015bci cyfrowej nie jest mo\u017cliwe, podmiot publiczny mo\u017ce zaproponowa\u0107 alternatywny spos\u00f3b dost\u0119pu do informacji. W\u00a0przypadku, gdy podmiot publiczny odm\u00f3wi realizacji \u017c\u0105dania zapewnienia dost\u0119pno\u015bci lub alternatywnego sposobu dost\u0119pu do informacji, wnosz\u0105cy \u017c\u0105danie mo\u017cne z\u0142o\u017cy\u0107 skarg\u0119 w sprawie zapewniana dost\u0119pno\u015bci cyfrowej strony internetowej, aplikacji mobilnej lub elementu strony internetowej, lub aplikacji mobilnej. Po wyczerpaniu wskazanej wy\u017cej procedury mo\u017cna tak\u017ce z\u0142o\u017cy\u0107 wniosek do\u00a0Rzecznika Praw Obywatelskich.<\/p>\n<p class=\"p7\"><b>Dost\u0119pno\u015b\u0107 architektoniczna<\/b><\/p>\n<p class=\"p11\">Dost\u0119pno\u015b\u0107 architektoniczna w budynkach Zakopia\u0144skie Centrum Kultury:<\/p>\n<p class=\"p6\"><b>&#8211; Miejska Galeria Sztuki \u2013<\/b> do budynku przy ul. Krup\u00f3wki 41 prowadzi\u00a0jedno wej\u015bcie od ul. Weteran\u00f3w Wojny. W wej\u015bciu do budynku zamontowane s\u0105 drzwi samo rozsuwane. Je\u015bli s\u0105 zamkni\u0119te mo\u017cna\u00a0skorzysta\u0107 za dzwonka na wysoko\u015bci 135 cm. Na pierwszym pi\u0119trze budynku\u00a0znajduj\u0105 si\u0119: dwie sale wystawowe, pomieszczania biurowe, toalety w\u00a0tym toaleta dostosowana dla os\u00f3b niepe\u0142nosprawnych. Mi\u0119dzy\u00a0pomieszczeniami nie ma prog\u00f3w. Osoby na w\u00f3zkach mog\u0105 si\u0119 swobodnie\u00a0porusza\u0107. Na pi\u0119tro mo\u017cna si\u0119 dosta\u0107 szerokimi schodami z balustradami lub wind\u0105. Winda posiada oznaczenia pi\u0119ter zapisane brajlem, oraz sygnalizacj\u0119 d\u017awi\u0119kow\u0105. Budynek nie posiada parkingu. Do budynku i wszystkich jego pomieszcze\u0144 mo\u017cna wej\u015b\u0107 z psem asystuj\u0105cym i\u00a0psem\u00a0przewodnikiem.<\/p>\n<p class=\"p6\">W budynku nie ma oznacze\u0144 w alfabecie Brajla ani w druku powi\u0119kszonym dla os\u00f3b niewidomych i\u00a0s\u0142abowidz\u0105cych. Wyst\u0119puj\u0105 oznaczenia kontrastowe na przegrodach szklanych.<\/p>\n<p class=\"p6\"><b>&#8211; Centrum Kultury Rodzimej Czerwony Dw\u00f3r \u2013<\/b> do budynku przy ul. Kasparusie 27 prowadzi\u00a0jedno wej\u015bcie g\u0142\u00f3wne, z dogodnym podjazdem. Istnieje mo\u017cliwo\u015b\u0107 zaparkowania samochodu. W wej\u015bciu do budynku zamontowane s\u0105 drzwi. Ekspozycja znajduje si\u0119 na parterze i na I pi\u0119trze. Na parterze i na I\u00a0pi\u0119trze zlokalizowane s\u0105 toalety, w tym toaleta dostosowana do potrzeb os\u00f3b niepe\u0142nosprawnych. Na parterze pomieszczania nie maj\u0105 prog\u00f3w. Na pierwsze pi\u0119tro mo\u017cna wej\u015b\u0107 jedynie w\u0105skimi, stromymi schodami. Na pi\u0119trze zamontowana jest p\u0119tla indukcyjna dla os\u00f3b niedos\u0142ysz\u0105cych. Osoby na w\u00f3zkach mog\u0105 si\u0119 swobodnie porusza\u0107 na parterze budynku i zwiedzaj\u0105c wystaw\u0119 plenerow\u0105, w\u00a0ogrodzie Centrum. Do budynku i wszystkich jego pomieszcze\u0144 mo\u017cna wej\u015b\u0107 z psem asystuj\u0105cym i\u00a0psem przewodnikiem.<\/p>\n<p class=\"p6\">W budynku nie ma oznacze\u0144 w alfabecie Brajla ani w druku powi\u0119kszonym dla os\u00f3b niewidomych i\u00a0s\u0142abowidz\u0105cych. Nie wyst\u0119puj\u0105 oznaczenia kontrastowe na stopniach klatki schodowej.<\/p>\n<p class=\"p3\"><b>&#8211; Ma\u0142opolski System Informacji Turystycznej (MSIT) \u2013<\/b> do budynku przy ul. Ko\u015bcieliskie 7 prowadzi jedno wej\u015bcie g\u0142\u00f3wne, z dogodnym podjazdem. W wej\u015bciu do budynku zamontowane s\u0105 drzwi z\u00a0niskim progiem. W bezpo\u015brednim s\u0105siedztwie wej\u015bcia znajduje si\u0119 obni\u017cona lada. Budynek nie posiada publicznej toalety. Do budynku i wszystkich jego pomieszcze\u0144 mo\u017cna wej\u015b\u0107 z psem asystuj\u0105cym i psem przewodnikiem.<\/p>\n<p class=\"p3\">W budynku nie ma oznacze\u0144 w alfabecie Brajla ani w druku powi\u0119kszonym dla os\u00f3b niewidomych i\u00a0s\u0142abowidz\u0105cych. Wyst\u0119puj\u0105 oznaczenia kontrastowe na przegrodach szklanych.<\/p>\n<p class=\"p3\"><b>&#8211; Centrum Informacji Turystycznej (CIT) \u2013<\/b> do budynku przy ul. Ko\u015bciuszki 13 prowadzi jedno wej\u015bcie, przez ma\u0142\u0105 werand\u0119. Na werand\u0119 trzeba wej\u015b\u0107 po dw\u00f3ch schodkach. W wej\u015bciu do budynku zamontowane s\u0105 w\u0105skie drzwi z progiem. Budynek nie posiada publicznej toalety. Do budynku mo\u017cna wej\u015b\u0107 z psem asystuj\u0105cym i psem przewodnikiem.<\/p>\n<p class=\"p3\">W budynku nie ma oznacze\u0144 w alfabecie Brajla ani w druku powi\u0119kszonym dla os\u00f3b niewidomych i\u00a0s\u0142abowidz\u0105cych. Nie wyst\u0119puj\u0105 oznaczenia kontrastowe na przegrodach szklanych.<\/p>\n<p class=\"p3\">Zgodnie z Ustaw\u0105 z dnia 19 sierpnia 2011 r. o j\u0119zyku migowym i innych \u015brodkach komunikowania si\u0119 (Dz.U. z 2011 r., Nr 209, poz. 1243 z p\u00f3\u017an. zm.) Dyrektor Zakopia\u0144skiego Centrum Kultury informuje, i\u017c osoby do\u015bwiadczaj\u0105ce trwale lub okresowo trudno\u015bci w komunikowaniu si\u0119 maj\u0105 prawo do korzystania z us\u0142ug pozwalaj\u0105cych na komunikowanie si\u0119.<\/p>\n<p class=\"p3\">Kontakt z Zakopia\u0144skim Centrum Kultury mo\u017cliwy jest w szczeg\u00f3lno\u015bci poprzez:<\/p>\n<ol class=\"ol1\">\n<li class=\"li6\"><span class=\"s3\">korzystanie z poczty elektronicznej &#8211; e-mail:\u00a0<a href=\"mailto:office@promocja.zakopane.pl\"><span class=\"s1\">office@promocja.zakopane.pl<\/span><\/a>,<\/span><\/li>\n<li class=\"li6\"><span class=\"s3\">przesy\u0142anie faks\u00f3w na numer +48 18 20 669 50,<\/span><\/li>\n<li class=\"li6\"><span class=\"s3\">korespondencj\u0119 pisemn\u0105 na adres: Zakopia\u0144skie Centrum Kultury, ul. Ko\u015bciuszki 13, 34-500 Zakopane.<\/span><\/li>\n<\/ol>\n<p class=\"p3\">Niezapewniona jest mo\u017cliwo\u015b\u0107 komunikowania si\u0119 za po\u015brednictwem t\u0142umacza j\u0119zyka migowego (tablet z aplikacj\u0105 t\u0142umacza migowego). Niema mo\u017cliwo\u015b\u0107 korzystania z pomocy pracownika Zakopia\u0144skiego Centrum Kultury pos\u0142uguj\u0105cego si\u0119 j\u0119zykiem migowym.<\/p>\n<p class=\"p3\">Mo\u017cna skorzysta\u0107 z pomocy osoby przybranej tj. osoby, kt\u00f3ra uko\u0144czy\u0142a 16 lat i zosta\u0142a wybrana przez osob\u0119 zainteresowan\u0105 w celu u\u0142atwienia porozumienia z ni\u0105 i udzielenia jej pomocy w\u00a0za\u0142atwieniu spraw.<\/p>\n<p class=\"p3\">Osoba zainteresowana za\u0142atwieniem sprawy w Zakopia\u0144skiemu Centrum Kultury przy pomocy t\u0142umacza j\u0119zyka migowego jest zobowi\u0105zana zg\u0142osi\u0107 ten fakt co najmniej na 3 dni robocze przed planowanym terminem jej za\u0142atwienia (z wy\u0142\u0105czeniem sytuacji nag\u0142ych).<\/p>\n<p class=\"p3\">W zg\u0142oszeniu nale\u017cy poda\u0107 zwi\u0119z\u0142y opis sprawy oraz wskaza\u0107 metod\u0119 komunikowania si\u0119:<\/p>\n<ul class=\"ul1\">\n<li class=\"li6\"><span class=\"s3\">PJM (polski j\u0119zyk migowy),<\/span><\/li>\n<li class=\"li6\"><span class=\"s3\">SJM (system j\u0119zykowo-migowy),<\/span><\/li>\n<li class=\"li6\"><span class=\"s3\">SKOGN (spos\u00f3b komunikowania si\u0119 os\u00f3b g\u0142uchoniemych).<\/span><\/li>\n<\/ul>\n<p class=\"p3\">Zg\u0142oszenie winno by\u0107 dokonane za pomoc\u0105 dost\u0119pnych \u015brodk\u00f3w komunikacji na podany powy\u017cej adres, numer telefonu, faksu lub e-mail.<\/p>\n","protected":false},"excerpt":{"rendered":"<p>Deklaracja dost\u0119pno\u015bci Zakopia\u0144skie Centrum Kultury Zakopia\u0144skie Centrum Kultury zobowi\u0105zuje si\u0119 zapewni\u0107 dost\u0119pno\u015b\u0107 swojej strony internetowej [&hellip;]<\/p>\n","protected":false},"author":2,"featured_media":0,"parent":0,"menu_order":0,"comment_status":"closed","ping_status":"closed","template":"","meta":[],"acf":[],"_links":{"self":[{"href":"http:\/\/archiwum.festiwale.zakopane.pl\/festiwal-folkloru\/wp-json\/wp\/v2\/pages\/78"}],"collection":[{"href":"http:\/\/archiwum.festiwale.zakopane.pl\/festiwal-folkloru\/wp-json\/wp\/v2\/pages"}],"about":[{"href":"http:\/\/archiwum.festiwale.zakopane.pl\/festiwal-folkloru\/wp-json\/wp\/v2\/types\/page"}],"author":[{"embeddable":true,"href":"http:\/\/archiwum.festiwale.zakopane.pl\/festiwal-folkloru\/wp-json\/wp\/v2\/users\/2"}],"replies":[{"embeddable":true,"href":"http:\/\/archiwum.festiwale.zakopane.pl\/festiwal-folkloru\/wp-json\/wp\/v2\/comments?post=78"}],"version-history":[{"count":2,"href":"http:\/\/archiwum.festiwale.zakopane.pl\/festiwal-folkloru\/wp-json\/wp\/v2\/pages\/78\/revisions"}],"predecessor-version":[{"id":1099,"href":"http:\/\/archiwum.festiwale.zakopane.pl\/festiwal-folkloru\/wp-json\/wp\/v2\/pages\/78\/revisions\/1099"}],"wp:attachment":[{"href":"http:\/\/archiwum.festiwale.zakopane.pl\/festiwal-folkloru\/wp-json\/wp\/v2\/media?parent=78"}],"curies":[{"name":"wp","href":"https:\/\/api.w.org\/{rel}","templated":true}]}}