{"id":206,"date":"2019-12-13T09:40:13","date_gmt":"2019-12-13T08:40:13","guid":{"rendered":"https:\/\/festiwale.zakopane.pl\/festiwal-folkloru\/?page_id=206"},"modified":"2021-08-05T23:43:59","modified_gmt":"2021-08-05T21:43:59","slug":"dla-mediow","status":"publish","type":"page","link":"http:\/\/archiwum.festiwale.zakopane.pl\/festiwal-folkloru\/dla-mediow\/","title":{"rendered":"Dla medi\u00f3w"},"content":{"rendered":"<p><strong>Kontakt dla medi\u00f3w:<\/strong><\/p>\n<p><strong>tel. 18 20 20 451<\/strong><\/p>\n<p><strong>Biuro Prasowe serdecznie zaprasza dziennikarzy i fotoreporter\u00f3w na 52. Mi\u0119dzynarodowy Festiwal Folkloru Ziem G\u00f3rskich w Zakopanem.<\/strong><\/p>\n<p><strong>Wnioski o akredytacje mo\u017cna sk\u0142ada\u0107 w terminie<\/strong> <strong>od 6 do 12 sierpnia 2021 r.<\/strong> wype\u0142niaj\u0105c formularz zg\u0142oszeniowy na stronie &#8211; <strong><a href=\"https:\/\/www.zakopane.pl\/skrocony-formularz-akredytacyjny\/\">FORMULARZ ZG\u0141OSZENIOWY<\/a>. <\/strong>O przyznaniu akredytacji poinformujemy drog\u0105 mailow\u0105.<\/p>\n<p>Akredytacje b\u0119d\u0105 wydawane tylko i wy\u0142\u0105cznie aktywnym zawodowo dziennikarzom na podstawie wa\u017cnej legitymacji prasowej lub za\u015bwiadczenia o wsp\u00f3\u0142pracy z redakcj\u0105. Do wydania akredytacji nie wystarcza legitymacja potwierdzaj\u0105ca przynale\u017cno\u015b\u0107 do zwi\u0105zku b\u0105d\u017a stowarzyszenia dziennikarskiego. Liczba akredytacji jest ograniczona.<\/p>\n<p>Akredytacje nie obejmuj\u0105 noclegu. Akredytacj\u0105 mo\u017ce pos\u0142ugiwa\u0107 si\u0119 tylko i wy\u0142\u0105cznie jej w\u0142a\u015bciciel.<\/p>\n<p>&nbsp;<\/p>\n<p>Dla dziennikarzy, kt\u00f3rzy nie mog\u0105 osobi\u015bcie uczestniczy\u0107 w Festiwalu, istnieje mo\u017cliwo\u015b\u0107 korzystania z wszystkich informacji i materia\u0142\u00f3w przygotowywanych przez Biuro Prasowe. Zg\u0142oszenia mo\u017cna przesy\u0142a\u0107 na <u><a href=\"mailto:biuro.prasowe@zakopane.eu\">biuro.prasowe@zakopane.eu<\/a> <\/u><\/p>\n<p><strong>Materia\u0142y do pobrania:<\/strong><\/p>\n<p><a href=\"https:\/\/www.dropbox.com\/sh\/rsb0rpeuw4uuj3b\/AADnfXqWrVgXNq0osAB7Qp0ma?dl=0\"><strong>Pakiet materia\u0142\u00f3w prasowych dotycz\u0105cy 52. MFFZG<\/strong><\/a><\/p>\n<p>Biuro Prasowe 52. MFFZG b\u0119dzie czynne w dniach 13-20 sierpnia w godz. 10.00 \u2013 17.00 w siedzibie Urz\u0119du Miasta Zakopane ul. Ko\u015bciuszki 13 (pok\u00f3j nr 1, parter). Jedynie w niedziel\u0119 15 sierpnia w zwi\u0105zku z Msz\u0105 \u015aw. i korowodem Biuro rozpocznie prac\u0119 ok. godz. 12.00.<\/p>\n<p>tel. 18 20 20 462<\/p>\n<p>Zapraszamy na <strong>konferencj\u0119 prasow\u0105<\/strong> po\u015bwi\u0119con\u0105 rozpoczynaj\u0105cemu si\u0119 52. Mi\u0119dzynarodowemu Festiwalowi Folkloru Ziem G\u00f3rskich. Konferencja odb\u0119dzie si\u0119 <strong>w sobot\u0119 14 sierpnia o godz. 16.00 w &#8222;Czerwonym Dworze&#8221;, ul. Kasprusie 27.<\/strong> Wezm\u0105 w niej udzia\u0142 przedstawiciele w\u0142adz miasta, organizator\u00f3w i jury Festiwalu.<\/p>\n<p>&nbsp;<\/p>\n<p>&nbsp;<\/p>\n","protected":false},"excerpt":{"rendered":"<p>Kontakt dla medi\u00f3w: tel. 18 20 20 451 Biuro Prasowe serdecznie zaprasza dziennikarzy i fotoreporter\u00f3w [&hellip;]<\/p>\n","protected":false},"author":2,"featured_media":0,"parent":0,"menu_order":0,"comment_status":"closed","ping_status":"closed","template":"","meta":[],"acf":[],"_links":{"self":[{"href":"http:\/\/archiwum.festiwale.zakopane.pl\/festiwal-folkloru\/wp-json\/wp\/v2\/pages\/206"}],"collection":[{"href":"http:\/\/archiwum.festiwale.zakopane.pl\/festiwal-folkloru\/wp-json\/wp\/v2\/pages"}],"about":[{"href":"http:\/\/archiwum.festiwale.zakopane.pl\/festiwal-folkloru\/wp-json\/wp\/v2\/types\/page"}],"author":[{"embeddable":true,"href":"http:\/\/archiwum.festiwale.zakopane.pl\/festiwal-folkloru\/wp-json\/wp\/v2\/users\/2"}],"replies":[{"embeddable":true,"href":"http:\/\/archiwum.festiwale.zakopane.pl\/festiwal-folkloru\/wp-json\/wp\/v2\/comments?post=206"}],"version-history":[{"count":4,"href":"http:\/\/archiwum.festiwale.zakopane.pl\/festiwal-folkloru\/wp-json\/wp\/v2\/pages\/206\/revisions"}],"predecessor-version":[{"id":1054,"href":"http:\/\/archiwum.festiwale.zakopane.pl\/festiwal-folkloru\/wp-json\/wp\/v2\/pages\/206\/revisions\/1054"}],"wp:attachment":[{"href":"http:\/\/archiwum.festiwale.zakopane.pl\/festiwal-folkloru\/wp-json\/wp\/v2\/media?parent=206"}],"curies":[{"name":"wp","href":"https:\/\/api.w.org\/{rel}","templated":true}]}}