{"id":204,"date":"2019-12-13T09:39:58","date_gmt":"2019-12-13T08:39:58","guid":{"rendered":"https:\/\/festiwale.zakopane.pl\/festiwal-folkloru\/?page_id=204"},"modified":"2021-08-13T14:57:05","modified_gmt":"2021-08-13T12:57:05","slug":"tv","status":"publish","type":"page","link":"http:\/\/archiwum.festiwale.zakopane.pl\/festiwal-folkloru\/tv\/","title":{"rendered":"TV"},"content":{"rendered":"<div class=\"post-title\">\n<h4 id=\"3ef4ea91-cf9b-4939-8cde-03a4c0796334_title\"><\/h4>\n<\/div>\n<div class=\"post-content clearfix\">\n<div id=\"velacms-children-container-61abe893-78eb-43d4-9073-e23b63efebbf\" class=\"clearfix velacms-children-container\">\n<div id=\"widget_039aad4c-ceb0-4dcf-8a75-cc17cc7462cc\" class=\"widget velacms-widget-rich-content\" data-widget-id=\"fa3c6af2-12fb-4d5e-b634-0cda2f98c0b2\" data-widget-type=\"velacms-widget-rich-content\" data-widget-locked=\"\">\n<div class=\"widget-content\">\n<div class=\"innerHtml\">\n<p><strong>Zapraszamy do ogl\u0105dania Mi\u0119dzynarodowego Festiwalu Folkloru Ziem G\u00f3rskich w Zakopanem on-line. <\/strong><\/p>\n<p><strong>Transmitowane b\u0119d\u0105 koncerty: koncert &#8222;Na Folkow\u0105 Nut\u0119&#8221; (zesp\u00f3\u0142 Zawierucha), niedzielny korow\u00f3d, koncert inauguracyjny, koncerty konkursowe, koncerty towarzysz\u0105ce, og\u0142oszenie wynik\u00f3w i koncert laureat\u00f3w Mi\u0119dzynarodowego Konkursu Kapel, Instrumentalist\u00f3w i \u015apiewak\u00f3w Ludowych im. W\u0142adys\u0142awa Trebuni-Tutki oraz koncert fina\u0142owy.\u00a0\u00a0<\/strong><\/p>\n<p>Wszystkie transmisje dost\u0119pne s\u0105 na kanale MFFZG na Youtube.<\/p>\n<p><iframe loading=\"lazy\" src=\"https:\/\/www.youtube.com\/embed\/live_stream?channel=UCVit2c54-x2ZJAEh_f526Rw\" height=\"434\" width=\"750\"><\/iframe><\/p>\n<\/div>\n<\/div>\n<\/div>\n<\/div>\n<p>&nbsp;<\/p>\n<div id=\"velacms-children-container-61abe893-78eb-43d4-9073-e23b63efebbf\" class=\"clearfix velacms-children-container\">\n<div id=\"widget_039aad4c-ceb0-4dcf-8a75-cc17cc7462cc\" class=\"widget velacms-widget-rich-content\" data-widget-id=\"fa3c6af2-12fb-4d5e-b634-0cda2f98c0b2\" data-widget-type=\"velacms-widget-rich-content\" data-widget-locked=\"\">\n<div class=\"widget-content\">\n<div class=\"innerHtml\">\n<p>13 sierpnia, pi\u0105tek<\/p>\n<p>godz. 18:00 KONCERT NA FOLKOW\u0104 NUT\u0118 &#8211; ZAWIERUCHA<\/p>\n<p><a href=\"https:\/\/youtu.be\/LysEK-JAds0\">https:\/\/youtu.be\/LysEK-JAds0<\/a><\/p>\n<p>&nbsp;<\/p>\n<p>15 sierpnia, niedziela<\/p>\n<p>godz. 11:30 Korow\u00f3d ulicami Zakopanego: Zamoyskiego i Krup\u00f3wki<\/p>\n<p><a href=\"https:\/\/youtu.be\/6Dg-YXlUNYQ\">https:\/\/youtu.be\/6Dg-YXlUNYQ<\/a><\/p>\n<p>godz. 18:00 KONCERT INAUGURACYJNY<\/p>\n<p><a href=\"https:\/\/youtu.be\/Aq_9QPwdjMA\">https:\/\/youtu.be\/Aq_9QPwdjMA<\/a><\/p>\n<p>&nbsp;<\/p>\n<p>16 sierpnia, poniedzia\u0142ek<\/p>\n<p>godz. 17:00 Koncerty konkursowe:\u00a0 Republika Macedonii P\u00f3\u0142nocnej, Rumunia, Polska-Zbyrcok<\/p>\n<p><a href=\"https:\/\/youtu.be\/BV6fKb0Zpbs\">https:\/\/youtu.be\/BV6fKb0Zpbs<\/a><\/p>\n<p>godz. 20:00 Koncerty konkursowe:\u00a0 Czarnog\u00f3ra, Turcja, Polska-Regle<\/p>\n<p><a href=\"https:\/\/youtu.be\/Td5_MVNiwX0\">https:\/\/youtu.be\/Td5_MVNiwX0<\/a><\/p>\n<p>&nbsp;<\/p>\n<p>17 sierpnia, wtorek<\/p>\n<p>godz. 17:00 Koncerty konkursowe: Bu\u0142garia, Ukraina, Polska-Istebna<\/p>\n<p><a href=\"https:\/\/youtu.be\/xgtd_ul6r4k\">https:\/\/youtu.be\/xgtd_ul6r4k<\/a><\/p>\n<p>godz. 20:00 Koncerty konkursowe: Polska-Lachy, Serbia, W\u0142ochy<\/p>\n<p><a href=\"https:\/\/youtu.be\/NnJ5OYVrxiw\">https:\/\/youtu.be\/NnJ5OYVrxiw<\/a><\/p>\n<p>&nbsp;<\/p>\n<p>18 sierpnia, \u015broda<\/p>\n<p>godz. 18:00 KONCERT SI\u0141A KORZENI<\/p>\n<p><a href=\"https:\/\/youtu.be\/YIcGKxS750s\">https:\/\/youtu.be\/YIcGKxS750s<\/a><\/p>\n<p>&nbsp;<\/p>\n<p>19 sierpnia, czwartek<\/p>\n<p>godz. 12:00 Og\u0142oszenie wynik\u00f3w i koncert laureat\u00f3w Mi\u0119dzynarodowego Konkursu Kapel, Instrumentalist\u00f3w i \u015apiewak\u00f3w Ludowych im. W\u0142adys\u0142awa Trebuni-Tutki<\/p>\n<p><a href=\"https:\/\/youtu.be\/c7iyZL0Pnqg\">https:\/\/youtu.be\/c7iyZL0Pnqg<\/a><\/p>\n<p>godz. 17:00 Koncert towarzysz\u0105cy \u201ePrezentacja dziedzictwa G\u00f3rali Polskich\u201d<\/p>\n<p><a href=\"https:\/\/youtu.be\/Yyqwg-GN1-E\">https:\/\/youtu.be\/Yyqwg-GN1-E<\/a><\/p>\n<p>&nbsp;<\/p>\n<p>20 sierpnia, pi\u0105tek<\/p>\n<p>godz. 17:00 KONCERT FINA\u0141OWY G\u00f3rale \u015bwiata. Og\u0142oszenie wynik\u00f3w konkursu i ceremonia wr\u0119czenia nagr\u00f3d<\/p>\n<p><a href=\"https:\/\/youtu.be\/cme5Wu58gu4\">https:\/\/youtu.be\/cme5Wu58gu4<\/a><\/p>\n<\/div>\n<p>&nbsp;<\/p>\n<\/div>\n<\/div>\n<\/div>\n<\/div>\n","protected":false},"excerpt":{"rendered":"<p>Zapraszamy do ogl\u0105dania Mi\u0119dzynarodowego Festiwalu Folkloru Ziem G\u00f3rskich w Zakopanem on-line. Transmitowane b\u0119d\u0105 koncerty: koncert [&hellip;]<\/p>\n","protected":false},"author":2,"featured_media":0,"parent":0,"menu_order":0,"comment_status":"closed","ping_status":"closed","template":"","meta":[],"acf":[],"_links":{"self":[{"href":"http:\/\/archiwum.festiwale.zakopane.pl\/festiwal-folkloru\/wp-json\/wp\/v2\/pages\/204"}],"collection":[{"href":"http:\/\/archiwum.festiwale.zakopane.pl\/festiwal-folkloru\/wp-json\/wp\/v2\/pages"}],"about":[{"href":"http:\/\/archiwum.festiwale.zakopane.pl\/festiwal-folkloru\/wp-json\/wp\/v2\/types\/page"}],"author":[{"embeddable":true,"href":"http:\/\/archiwum.festiwale.zakopane.pl\/festiwal-folkloru\/wp-json\/wp\/v2\/users\/2"}],"replies":[{"embeddable":true,"href":"http:\/\/archiwum.festiwale.zakopane.pl\/festiwal-folkloru\/wp-json\/wp\/v2\/comments?post=204"}],"version-history":[{"count":8,"href":"http:\/\/archiwum.festiwale.zakopane.pl\/festiwal-folkloru\/wp-json\/wp\/v2\/pages\/204\/revisions"}],"predecessor-version":[{"id":1213,"href":"http:\/\/archiwum.festiwale.zakopane.pl\/festiwal-folkloru\/wp-json\/wp\/v2\/pages\/204\/revisions\/1213"}],"wp:attachment":[{"href":"http:\/\/archiwum.festiwale.zakopane.pl\/festiwal-folkloru\/wp-json\/wp\/v2\/media?parent=204"}],"curies":[{"name":"wp","href":"https:\/\/api.w.org\/{rel}","templated":true}]}}