{"id":114,"date":"2019-12-11T16:13:32","date_gmt":"2019-12-11T15:13:32","guid":{"rendered":"https:\/\/festiwale.zakopane.pl\/festiwal-koled\/?page_id=114"},"modified":"2021-08-06T10:53:01","modified_gmt":"2021-08-06T08:53:01","slug":"program","status":"publish","type":"page","link":"http:\/\/archiwum.festiwale.zakopane.pl\/festiwal-folkloru\/program\/","title":{"rendered":"Program"},"content":{"rendered":"<p><strong>\u00a0\u00a0\u00a0\u00a0\u00a0\u00a0\u00a0\u00a0\u00a0\u00a0\u00a0 <\/strong><strong>\u00a0\u00a0\u00a0\u00a0 <\/strong><\/p>\n<p><strong>\u00a0\u00a0 <\/strong><\/p>\n<ol start=\"52\">\n<li><strong> Mi\u0119dzynarodowy Festiwal Folkloru<br \/>\nZiem G\u00f3rskich w Zakopanem<br \/>\n12-20 sierpnia 2021<\/strong><\/li>\n<\/ol>\n<p><strong>PROGRAM<\/strong><\/p>\n<p><strong><u>12 sierpnia, czwartek<\/u><\/strong><\/p>\n<p><strong>godz. 16:00<\/strong> Otwarcie plenerowej pokonkursowej wystawy fotografii <em>\u017bywio\u0142 folkloru 2019<\/em><br \/>\nul. Krup\u00f3wki (rejon oczka wodnego)<\/p>\n<p><strong>godz. 17:00<\/strong> Og\u0142oszenie wynik\u00f3w 50. Og\u00f3lnopolskiego Konkursu Literackiego im. Tadeusza Staicha na wiersz o tematyce g\u00f3rskiej. Otwarcie wystawy Jerzego Z. Kosiuczenko \u201ePortret folkloru \u015bwiata\u201d<br \/>\nZCK, Centrum Kultury Rodzimej, Willa Czerwony Dw\u00f3r, ul. Kasprusie 27<\/p>\n<p><strong><u>13 sierpnia, pi\u0105tek<\/u><\/strong><\/p>\n<p><strong>godz. 11:00<\/strong> Mistrzostwa Podhala w Powo\u017ceniu, konkurs na <em>Fiakra Roku<\/em> oraz na \u015apiew Pytacki<br \/>\nG\u00f3rna R\u00f3wie\u0144 Krupowa<\/p>\n<p><strong>godz.16.00<\/strong> Promocja ksi\u0105\u017cki Dominiki \u0106osi\u0107 &#8222;Balkan Express&#8221;<\/p>\n<p>ZCK, Centrum Kultury Rodzimej, Willa Czerwony Dw\u00f3r, ul. Kasprusie 27<\/p>\n<p>&nbsp;<\/p>\n<p><strong>godz. 18:00 KONCERT NA FOLKOW\u0104 NUT\u0118<\/strong><br \/>\n<strong><em>ZAWIERUCHA, BRAThANKi<\/em><\/strong><\/p>\n<p>wioska festiwalowa &#8211; scena plenerowa, Dolna R\u00f3wie\u0144 Krupowa<\/p>\n<p><strong><u>14 sierpnia, sobota<\/u><\/strong><\/p>\n<p><strong>godz. 09:15<\/strong> Konferencja naukowa \u201eOd snopka do talerza. Obrz\u0119dy, zwyczaje i pie\u015bni zwi\u0105zane z po\u017cywieniem w kontek\u015bcie codzienno\u015bci i \u015bwi\u0119ta\u201d<br \/>\nCentrum Kultury Rodzimej, Willa Czerwony Dw\u00f3r, ul. Kasprusie 27<\/p>\n<p><strong>godz. 14:00<\/strong> Koncert <em>Mali G\u00f3rale.<\/em> Prezentacja laureat\u00f3w XII Tatrza\u0144skiego Festiwalu Zespo\u0142\u00f3w G\u00f3ralskich Z\u0142ote Kierpce<br \/>\nwioska festiwalowa &#8211; scena plenerowa, Dolna R\u00f3wie\u0144 Krupowa<\/p>\n<p><strong>godz. 16:00<\/strong> Konferencja prasowa<br \/>\nCentrum Kultury Rodzimej, Willa Czerwony Dw\u00f3r, ul. Kasprusie 27<\/p>\n<p><strong>godz. 17:00<\/strong> Orszak weselny. Parada z Placu Niepodleg\u0142o\u015bci do wioski festiwalowej<\/p>\n<p><strong>godz. 17:30<\/strong> Tradycyjne wesele g\u00f3ralskie w wykonaniu zespo\u0142u \u201eBia\u0142odunajcanie\u201d \u00a0\u00a0\u00a0\u00a0\u00a0\u00a0\u00a0\u00a0wioska festiwalowa &#8211; scena plenerowa, Dolna R\u00f3wie\u0144 Krupowa<\/p>\n<p><strong>godz. 18:30<\/strong> Roz\u015bpiewane Zakopane. Wsp\u00f3lna zabawa z \u201ego\u015b\u0107mi weselnymi\u201d<br \/>\nwioska festiwalowa, Dolna R\u00f3wie\u0144 Krupowa<\/p>\n<p><strong>godz.17:00<\/strong><\/p>\n<p><strong>godz.19:00<\/strong> Prezentacje kulinarne<\/p>\n<p>wioska festiwalowa, Dolna R\u00f3wie\u0144 Krupowa<\/p>\n<p><strong><u><br \/>\n15 sierpnia, niedziela<\/u><\/strong><\/p>\n<p><strong>godz. 10:30<\/strong> Uroczysta Msza \u015awi\u0119ta<br \/>\nKo\u015bci\u00f3\u0142 \u015aw. Krzy\u017ca, ul. Zamoyskiego<\/p>\n<p><strong>godz. 11:30<\/strong> Korow\u00f3d ulicami Zakopanego: Zamoyskiego i Krup\u00f3wki<\/p>\n<p><strong>godz. 13:30<\/strong> Wystawa Owczark\u00f3w Podhala\u0144skich<br \/>\nwioska festiwalowa, Dolna R\u00f3wie\u0144 Krupowa<\/p>\n<p><strong>godz. 18:00<\/strong> <strong>KONCERT INAUGURACYJNY<\/strong><br \/>\nwioska festiwalowa &#8211; scena plenerowa, Dolna R\u00f3wie\u0144 Krupowa<\/p>\n<p><strong><u>16 sierpnia, poniedzia\u0142ek<\/u><\/strong><\/p>\n<p><strong>godz. 09:30<\/strong> Warsztaty regionalne \u201eCude\u0144ka ze zbo\u017ca\u201d<br \/>\nwioska festiwalowa &#8211; namiot plenerowy, Dolna R\u00f3wie\u0144 Krupowa<\/p>\n<p><strong>godz. 10:30<\/strong> Animacje dla najm\u0142odszych \u201eSianokosy z Ma\u0142ymi Klimkami\u201d<br \/>\nwioska festiwalowa &#8211; namiot plenerowy, Dolna R\u00f3wie\u0144 Krupowa<\/p>\n<p><strong>godz. 12:00<\/strong> Mi\u0119dzynarodowy Konkurs Kapel, Instrumentalist\u00f3w i \u015apiewak\u00f3w Ludowych im. W\u0142adys\u0142awa Trebuni-Tutki<br \/>\nscena plenerowa, G\u00f3rna R\u00f3wie\u0144 Krupowa<\/p>\n<p><strong>godz. 13:00<\/strong>\u00a0 Spotkania kulinarne \u201eBaca nas p\u00f3d\u017a z nami na sa\u0142as\u2026\u201d<br \/>\nwioska festiwalowa, Dolna R\u00f3wie\u0144 Krupowa<\/p>\n<p><strong>godz. 15:00<\/strong>\u00a0 Dzie\u0144 Narodowy &#8211; W\u0142ochy<br \/>\nwioska festiwalowa, Dolna R\u00f3wie\u0144 Krupowa<\/p>\n<p><strong>godz. 16:15 \u2013 16:30<\/strong> Jarmark \u015aw. Cecylii \u2013 prezentacje instrument\u00f3w<br \/>\nwioska festiwalowa, Dolna R\u00f3wie\u0144 Krupowa<\/p>\n<p><strong>godz. 17:00<\/strong> Koncerty konkursowe:\u00a0 Republika Macedonii P\u00f3\u0142nocnej, Rumunia, Polska-Zbyrcok<br \/>\nwioska festiwalowa &#8211; scena plenerowa, Dolna R\u00f3wie\u0144 Krupowa<\/p>\n<p><strong>godz. 20:00<\/strong> Koncerty konkursowe:\u00a0 Czarnog\u00f3ra, Turcja, Polska-Regle<br \/>\nwioska festiwalowa &#8211; scena plenerowa, Dolna R\u00f3wie\u0144 Krupowa<\/p>\n<p><strong>godz. 21:30<\/strong> Zabawa taneczna z zespo\u0142ami festiwalowymi<br \/>\nwioska festiwalowa &#8211; namiot plenerowy, Dolna R\u00f3wie\u0144 Krupowa<\/p>\n<p><strong><u>17 sierpnia, wtorek<\/u><\/strong><\/p>\n<p><strong>godz. 09:30<\/strong> Warsztaty regionalne \u201eSzyde\u0142kowy \u201eparyski\u201d styl dla g\u00f3ralskiej gospodyni\u201d<br \/>\nwioska festiwalowa &#8211; namiot plenerowy, Dolna R\u00f3wie\u0144 Krupowa<\/p>\n<p><strong>godz. 10:30<\/strong> Animacje dla najm\u0142odszych \u201e\u017bywieckie ta\u0144ce\u201d<br \/>\nwioska festiwalowa &#8211; namiot plenerowy, Dolna R\u00f3wie\u0144 Krupowa<\/p>\n<p><strong>godz. 12:00<\/strong> Mi\u0119dzynarodowy Konkurs Kapel, Instrumentalist\u00f3w i \u015apiewak\u00f3w Ludowych im. W\u0142adys\u0142awa Trebuni-Tutki<br \/>\nscena plenerowa, G\u00f3rna R\u00f3wie\u0144 Krupowa<\/p>\n<p><strong>godz. 13:00<\/strong>\u00a0 Spotkania kulinarne \u201eZa wodom kapustecke sadzom\u2026\u201d<br \/>\nwioska festiwalowa, Dolna R\u00f3wie\u0144 Krupowa<\/p>\n<p><strong>godz. 15:00<\/strong>\u00a0 Dzie\u0144 Narodowy &#8211; Czarnog\u00f3ra<br \/>\nwioska festiwalowa, Dolna R\u00f3wie\u0144 Krupowa<\/p>\n<p><strong>godz. 16:15 \u2013 16:30<\/strong> Jarmark \u015aw. Cecylii \u2013 prezentacje instrument\u00f3w<br \/>\nwioska festiwalowa, Dolna R\u00f3wie\u0144 Krupowa<\/p>\n<p><strong>godz. 17:00<\/strong> Koncerty konkursowe: Bu\u0142garia, Ukraina, Polska-Istebna<br \/>\nwioska festiwalowa, scena plenerowa, Dolna R\u00f3wie\u0144 Krupowa<\/p>\n<p><strong>godz. 20:00<\/strong> Koncerty konkursowe: Polska-Lachy, Serbia, W\u0142ochy<br \/>\nwioska festiwalowa, scena plenerowa, Dolna R\u00f3wie\u0144 Krupowa<\/p>\n<p><strong>godz. 21:30<\/strong> Zabawa taneczna z zespo\u0142ami festiwalowymi<br \/>\nwioska festiwalowa &#8211; namiot plenerowy, Dolna R\u00f3wie\u0144 Krupowa<\/p>\n<p><strong><u>18 sierpnia, \u015broda<\/u><\/strong><\/p>\n<p><strong>godz. 09:30<\/strong> Warsztaty regionalne \u201eKwietna porcelana\u201d<br \/>\nwioska festiwalowa &#8211; namiot plenerowy, Dolna R\u00f3wie\u0144 Krupowa<\/p>\n<p><strong>godz. 10:30<\/strong> Animacje dla najm\u0142odszych \u201eDrewniani przyjaciele \u015bw. Franciszka\u201d<br \/>\nwioska festiwalowa &#8211; namiot plenerowy, Dolna R\u00f3wie\u0144 Krupowa<\/p>\n<p><strong>godz. 12:00<\/strong> Mi\u0119dzynarodowy Konkurs Kapel, Instrumentalist\u00f3w i \u015apiewak\u00f3w Ludowych im. W\u0142adys\u0142awa Trebuni-Tutki<br \/>\nscena plenerowa, G\u00f3rna R\u00f3wie\u0144 Krupowa<\/p>\n<p><strong>godz. 13:00<\/strong>\u00a0 Spotkania kulinarne \u201eDa\u0142a mi matusia s\u0142odkiego mlycusia\u2026\u201d<br \/>\nwioska festiwalowa, Dolna R\u00f3wie\u0144 Krupowa<\/p>\n<p><strong>godz. 15:00<\/strong> Dzie\u0144 Narodowy &#8211; Rumunia<br \/>\nwioska festiwalowa, Dolna R\u00f3wie\u0144 Krupowa<\/p>\n<p><strong>godz. 16:15 \u2013 16:30<\/strong> Jarmark \u015aw. Cecylii \u2013 prezentacje instrument\u00f3w<br \/>\nwioska festiwalowa, Dolna R\u00f3wie\u0144 Krupowa<\/p>\n<p><strong>godz. 18:00<\/strong> <strong>KONCERT<\/strong> <strong><em>SI\u0141A KORZENI<\/em><\/strong><br \/>\nwioska festiwalowa &#8211; scena plenerowa, Dolna R\u00f3wie\u0144 Krupowa<\/p>\n<p><strong>godz. 21:30<\/strong> Zabawa taneczna z zespo\u0142ami festiwalowymi<br \/>\nwioska festiwalowa &#8211; namiot plenerowy, Dolna R\u00f3wie\u0144 Krupowa<\/p>\n<p><strong><u>19 sierpnia, czwartek<\/u><\/strong><\/p>\n<p><strong>godz. 09:30<\/strong> Warsztaty regionalne \u201eUmajone \u0142yzki\u201d<br \/>\nwioska festiwalowa &#8211; namiot plenerowy, Dolna R\u00f3wie\u0144 Krupowa<\/p>\n<p><strong>godz. 10:30<\/strong> Animacje dla najm\u0142odszych \u201eZagrojcie ma\u0142emu, kie ni mocie komu, ma\u0142y se zato\u0144cy i p\u00f3dzie do domu\u201d<br \/>\nwioska festiwalowa &#8211; namiot plenerowy, Dolna R\u00f3wie\u0144 Krupowa<\/p>\n<p><strong>godz. 12:00<\/strong> Og\u0142oszenie wynik\u00f3w i koncert laureat\u00f3w Mi\u0119dzynarodowego Konkursu Kapel, Instrumentalist\u00f3w i \u015apiewak\u00f3w Ludowych im. W\u0142adys\u0142awa Trebuni-Tutki<br \/>\nscena plenerowa, G\u00f3rna R\u00f3wie\u0144 Krupowa<\/p>\n<p><strong>godz. 13:30<\/strong> Dzie\u0144 G\u00f3rali Polskich.<\/p>\n<p><strong>godz.16:00<\/strong> Rekord w ta\u0144cu zb\u00f3jnickim<\/p>\n<p>wioska festiwalowa &#8211; scena plenerowa, Dolna R\u00f3wie\u0144 Krupowa<\/p>\n<p><strong>godz. 16:15 \u2013 16:30<\/strong> Jarmark \u015aw. Cecylii \u2013 prezentacje instrument\u00f3w<br \/>\nwioska festiwalowa, Dolna R\u00f3wie\u0144 Krupowa<\/p>\n<p><strong>godz. 17:00<\/strong> Koncert towarzysz\u0105cy \u201ePrezentacja dziedzictwa G\u00f3rali Polskich\u201d<br \/>\nwioska festiwalowa &#8211; scena plenerowa, Dolna R\u00f3wie\u0144 Krupowa<\/p>\n<p><strong>godz. 21:30<\/strong> Zabawa taneczna z polskimi zespo\u0142ami g\u00f3ralskimi<br \/>\nwioska festiwalowa &#8211; namiot plenerowy, Dolna R\u00f3wie\u0144 Krupowa<\/p>\n<p><strong><u>20 sierpnia, pi\u0105tek<\/u><\/strong><\/p>\n<p><strong>godz. 11:00<\/strong> Konferencja prasowa<br \/>\nCentrum Kultury Rodzimej, Willa Czerwony Dw\u00f3r, ul. Kasprusie 27<\/p>\n<p><strong>godz. 13:30<\/strong> Modlitwa o pok\u00f3j<br \/>\nSanktuarium Narodowe Matki Bo\u017cej Fatimskiej, Krzept\u00f3wki 14<\/p>\n<p><strong>godz. 17:00<\/strong> <strong>KONCERT FINA\u0141OWY <em>G\u00f3rale \u015bwiata<\/em><\/strong>. Og\u0142oszenie wynik\u00f3w konkursu i ceremonia wr\u0119czenia nagr\u00f3d<br \/>\nwioska festiwalowa &#8211; scena plenerowa, Dolna R\u00f3wie\u0144 Krupowa<\/p>\n<p>&nbsp;<\/p>\n<p><strong><u>Wydarzenia towarzysz\u0105ce<\/u><\/strong><\/p>\n<p><strong>\u00a0<\/strong><\/p>\n<p><strong>02 &#8211; 31 sierpnia<\/strong><\/p>\n<p>Pokonkursowa wystawa plenerowa <em>Dzieci\u0119cy Plakat Festiwalowy.<br \/>\n<\/em>Park Miejski im. J. Pi\u0142sudskiego<\/p>\n<p><strong>12 &#8211; 26 sierpnia<\/strong><br \/>\nPokonkursowa wystawa fotografii <em>\u017bywio\u0142 Folkloru 2019<\/em><br \/>\nul. Krup\u00f3wki (rejon oczka wodnego)<\/p>\n<p><strong>10 &#8211; 20 sierpnia<\/strong><br \/>\nPlenerowa wystawa \u201eLudowe instrumentarium ziem g\u00f3rskich\u201d we wsp\u00f3\u0142pracy z Muzeum Ludowych Instrument\u00f3w Muzycznych w Szyd\u0142owcu<br \/>\nDolna R\u00f3wie\u0144 Krupowa<\/p>\n<p><strong>12\u201331 sierpnia <\/strong><\/p>\n<p>Wystawa Jerzego Z. Kosiuczenko \u201ePortret folkloru \u015bwiata\u201d<\/p>\n<p>ZCK, Ogr\u00f3d Centrum Kultury Rodzimej Willa Czerwony Dw\u00f3r, ul. Kasprusie 27<\/p>\n<p><strong>\u00a0<\/strong><\/p>\n<p><strong>Otwarte Pracownie Artyst\u00f3w Zakopia\u0144skich, galerie i muzea<\/strong><\/p>\n<p><strong><u>Wioska Festiwalowa:<\/u><\/strong><br \/>\n<strong>15-20 sierpnia, godz.10:00 &#8211; 18:00<\/strong><br \/>\n&#8211; Kiermasz Sztuki Ludowej i Rzemios\u0142a Artystycznego<\/p>\n<p><strong>16 &#8211; 20 sierpnia, godz. 10.00 &#8211; 18.00<\/strong><br \/>\nJarmark \u015awi\u0119tej Cecylii<\/p>\n<p><strong>13 &#8211; 20 sierpnia<\/strong><br \/>\nKonkurs fotograficzny <em>\u017bywio\u0142 Folkloru<\/em><\/p>\n<p><strong><span class=\"d2edcug0 hpfvmrgz qv66sw1b c1et5uql lr9zc1uh a8c37x1j keod5gw0 nxhoafnm aigsh9s9 d3f4x2em fe6kdd0r mau55g9w c8b282yb iv3no6db jq4qci2q a3bd9o3v knj5qynh oo9gr5id hzawbc8m\">W celu rezerwacji miejsca nale\u017cy wej\u015b\u0107 na stron\u0119: <a class=\"oajrlxb2 g5ia77u1 qu0x051f esr5mh6w e9989ue4 r7d6kgcz rq0escxv nhd2j8a9 nc684nl6 p7hjln8o kvgmc6g5 cxmmr5t8 oygrvhab hcukyx3x jb3vyjys rz4wbd8a qt6c0cv9 a8nywdso i1ao9s8h esuyzwwr f1sip0of lzcic4wl py34i1dx gpro0wi8\" role=\"link\" href=\"https:\/\/www.zakopane.pl\/rejestracja-na-wydarzenia?fbclid=IwAR25iidAcRiZxk-t2c28VZ1CSPPzMfoPFRjdXwxUXKTEsxJDROghwg2w1O4#\/\" target=\"_blank\" rel=\"nofollow noopener noreferrer\">https:\/\/www.zakopane.pl\/rejestracja-na-wydarzenia#\/<\/a> i uzupe\u0142ni\u0107 kr\u00f3tki formularz. Zapraszamy serdecznie!<\/span><\/strong><\/p>\n<p>&nbsp;<\/p>\n<p>&nbsp;<\/p>\n<p>&nbsp;<\/p>\n<p>&nbsp;<\/p>\n","protected":false},"excerpt":{"rendered":"<p>\u00a0\u00a0\u00a0\u00a0\u00a0\u00a0\u00a0\u00a0\u00a0\u00a0\u00a0 \u00a0\u00a0\u00a0\u00a0 \u00a0\u00a0 Mi\u0119dzynarodowy Festiwal Folkloru Ziem G\u00f3rskich w Zakopanem 12-20 sierpnia 2021 PROGRAM 12 [&hellip;]<\/p>\n","protected":false},"author":2,"featured_media":0,"parent":0,"menu_order":0,"comment_status":"closed","ping_status":"closed","template":"program-page.php","meta":[],"acf":[],"_links":{"self":[{"href":"http:\/\/archiwum.festiwale.zakopane.pl\/festiwal-folkloru\/wp-json\/wp\/v2\/pages\/114"}],"collection":[{"href":"http:\/\/archiwum.festiwale.zakopane.pl\/festiwal-folkloru\/wp-json\/wp\/v2\/pages"}],"about":[{"href":"http:\/\/archiwum.festiwale.zakopane.pl\/festiwal-folkloru\/wp-json\/wp\/v2\/types\/page"}],"author":[{"embeddable":true,"href":"http:\/\/archiwum.festiwale.zakopane.pl\/festiwal-folkloru\/wp-json\/wp\/v2\/users\/2"}],"replies":[{"embeddable":true,"href":"http:\/\/archiwum.festiwale.zakopane.pl\/festiwal-folkloru\/wp-json\/wp\/v2\/comments?post=114"}],"version-history":[{"count":4,"href":"http:\/\/archiwum.festiwale.zakopane.pl\/festiwal-folkloru\/wp-json\/wp\/v2\/pages\/114\/revisions"}],"predecessor-version":[{"id":1058,"href":"http:\/\/archiwum.festiwale.zakopane.pl\/festiwal-folkloru\/wp-json\/wp\/v2\/pages\/114\/revisions\/1058"}],"wp:attachment":[{"href":"http:\/\/archiwum.festiwale.zakopane.pl\/festiwal-folkloru\/wp-json\/wp\/v2\/media?parent=114"}],"curies":[{"name":"wp","href":"https:\/\/api.w.org\/{rel}","templated":true}]}}